{"id":2095,"date":"2019-12-02T14:38:27","date_gmt":"2019-12-02T13:38:27","guid":{"rendered":"http:\/\/3joursdecherbourg.fr\/?page_id=2095"},"modified":"2021-05-03T14:40:42","modified_gmt":"2021-05-03T12:40:42","slug":"les-3-jours-2020","status":"publish","type":"page","link":"https:\/\/3joursdecherbourg.fr\/?page_id=2095","title":{"rendered":"Les 3 jours 2020"},"content":{"rendered":"\n<p>Annul\u00e9s pour cause de pand\u00e9mie \u00ab\u00a0covid 19\u00a0\u00bb.<\/p>\n\n\n\n<p>(Voir <a href=\"https:\/\/3joursdecherbourg.fr\/?p=2248\" data-type=\"URL\" data-id=\"3joursdecherbourg.fr\/?p=2248\">l&rsquo;article du 25 mai 2020<\/a>)<\/p>\n","protected":false},"excerpt":{"rendered":"<p>Annul\u00e9s pour cause de pand\u00e9mie \u00ab\u00a0covid 19\u00a0\u00bb. (Voir l&rsquo;article du 25 mai 2020)<\/p>\n","protected":false},"author":1,"featured_media":0,"parent":0,"menu_order":0,"comment_status":"closed","ping_status":"closed","template":"","meta":{"footnotes":""},"class_list":["post-2095","page","type-page","status-publish","hentry"],"jetpack_shortlink":"https:\/\/wp.me\/P8fpGS-xN","jetpack-related-posts":[{"id":2110,"url":"https:\/\/3joursdecherbourg.fr\/?page_id=2110","url_meta":{"origin":2095,"position":0},"title":"3\u00e8me \u00e9tape 2021","author":"admin3809","date":"2 d\u00e9cembre 2019","format":false,"excerpt":"Cette derni\u00e8re \u00e9tape sacrera sans nul doute un grand champion au sommet de la Montagne du Roule. C'est en effet l\u00e0 que se terminera cette \u00e9dition 2021 apr\u00e8s une \u00e9tape particuli\u00e8rement difficile. Le d\u00e9part sera donn\u00e9 \u00e0 la sortie de Tourlaville en haut de la c\u00f4te de Br\u00e9qu\u00e9cal qui constituera\u2026","rel":"","context":"Article similaire","block_context":{"text":"Article similaire","link":""},"img":{"alt_text":"","src":"https:\/\/i0.wp.com\/3joursdecherbourg.fr\/wp-content\/uploads\/2020\/02\/Sciotot.jpg?resize=350%2C200&ssl=1","width":350,"height":200,"srcset":"https:\/\/i0.wp.com\/3joursdecherbourg.fr\/wp-content\/uploads\/2020\/02\/Sciotot.jpg?resize=350%2C200&ssl=1 1x, https:\/\/i0.wp.com\/3joursdecherbourg.fr\/wp-content\/uploads\/2020\/02\/Sciotot.jpg?resize=525%2C300&ssl=1 1.5x"},"classes":[]},{"id":2493,"url":"https:\/\/3joursdecherbourg.fr\/?page_id=2493","url_meta":{"origin":2095,"position":1},"title":"Chrono Montagne 2021","author":"admin3809","date":"21 juillet 2021","format":false,"excerpt":"Dans l'attente de l'arriv\u00e9e de la 3\u00e8me \u00e9tape des \"3 jours de Cherbourg en Cotentin\", le dimanche 5 septembre 2021, l'Amicale Cycliste a voulu r\u00e9activer l'ancienne mont\u00e9e chronom\u00e9tr\u00e9e de la Montagne du Roule: 1, 1 km \u00e0 9% de moyenne. Dans les ann\u00e9es 60, le prix Schneider-Andr\u00e9 H\u00e9bert, organis\u00e9 par\u2026","rel":"","context":"Article similaire","block_context":{"text":"Article similaire","link":""},"img":{"alt_text":"delisle raymond","src":"https:\/\/i0.wp.com\/www.lncpro.fr\/user\/textes\/grands-champions\/delisle_raymond.jpg?resize=350%2C200","width":350,"height":200},"classes":[]},{"id":2294,"url":"https:\/\/3joursdecherbourg.fr\/?page_id=2294","url_meta":{"origin":2095,"position":2},"title":"Les \u00e9quipes 2021","author":"admin3809","date":"24 d\u00e9cembre 2020","format":false,"excerpt":"41 \u00e9quipes ont postul\u00e9 pour cette \u00e9dition 2021 des \"3 jours de Cherbourg en Cotentin\". Quelques unes se\u00a0 sont ensuite d\u00e9sist\u00e9es. Nous avons d\u00e9cid\u00e9, apr\u00e8s concertation avec la ville de Cherbourg-en-Cotentin, partenaire principal de l'\u00e9preuve, de retenir ces candidatures dans l'optique d'une course du plus haut niveau, apr\u00e8s une ann\u00e9e\u2026","rel":"","context":"Article similaire","block_context":{"text":"Article similaire","link":""},"img":{"alt_text":"","src":"","width":0,"height":0},"classes":[]},{"id":5079,"url":"https:\/\/3joursdecherbourg.fr\/?page_id=5079","url_meta":{"origin":2095,"position":3},"title":"Pr\u00e9sentation 2025","author":"admin3809","date":"28 mai 2025","format":false,"excerpt":"C'est le 45\u00e8me... Oui, 45 ans que les meilleurs cyclistes amateurs de France et de l\u2019\u00c9tranger parcourent notre beau Cotentin \u00e0 la recherche de la prestigieuse victoire aux \u00ab\u00a03 jours de Cherbourg en Cotentin.\u00a0\u00bb La 44e \u00e9dition fut fort belle et r\u00e9compensa un \u00ab\u00a0manchois\u00a0\u00bb - ce n\u2019est pas si souvent\u2026","rel":"","context":"Article similaire","block_context":{"text":"Article similaire","link":""},"img":{"alt_text":"","src":"https:\/\/i0.wp.com\/img.youtube.com\/vi\/COX_hYxlDXI\/0.jpg?resize=350%2C200","width":350,"height":200},"classes":[]},{"id":2,"url":"https:\/\/3joursdecherbourg.fr\/?page_id=2","url_meta":{"origin":2095,"position":4},"title":"Le mot du Pr\u00e9sident","author":"admin3809","date":"22 d\u00e9cembre 2016","format":false,"excerpt":"Depuis plus de quarante ans, les meilleurs cyclistes amateurs de l\u2019hexagone et d'ailleurs sillonnent les routes du Cotentin \u00e0 l\u2019appel de l\u2019Amicale Cycliste des 3 Jours de Cherbourg. Jean-Claude PRIGENT a men\u00e9 l\u2019\u00e9quipe des b\u00e9n\u00e9voles avec brio pendant 25 ans puis a souhait\u00e9 retrouver son pays basque natal, puis les\u2026","rel":"","context":"Article similaire","block_context":{"text":"Article similaire","link":""},"img":{"alt_text":"","src":"https:\/\/i0.wp.com\/3joursdecherbourg.fr\/wp-content\/uploads\/2022\/07\/1-12-1-scaled.jpg?resize=350%2C200&ssl=1","width":350,"height":200},"classes":[]},{"id":47,"url":"https:\/\/3joursdecherbourg.fr\/?page_id=47","url_meta":{"origin":2095,"position":5},"title":"L&rsquo;association","author":"admin3809","date":"24 d\u00e9cembre 2016","format":false,"excerpt":"Le mot du Pr\u00e9sident : Depuis plus de quarante ans, les meilleurs cyclistes amateurs de l\u2019hexagone et d'ailleurs sillonnent les routes du Cotentin \u00e0 l\u2019appel de l\u2019Amicale Cycliste des 3 Jours de Cherbourg. Jean-Claude PRIGENT a men\u00e9 l\u2019\u00e9quipe des b\u00e9n\u00e9voles avec brio pendant 25 ans puis a souhait\u00e9 retrouver son\u2026","rel":"","context":"Article similaire","block_context":{"text":"Article similaire","link":""},"img":{"alt_text":"","src":"https:\/\/i0.wp.com\/3joursdecherbourg.fr\/wp-content\/uploads\/2023\/08\/IMG_0008-3-scaled.jpg?resize=350%2C200&ssl=1","width":350,"height":200,"srcset":"https:\/\/i0.wp.com\/3joursdecherbourg.fr\/wp-content\/uploads\/2023\/08\/IMG_0008-3-scaled.jpg?resize=350%2C200&ssl=1 1x, https:\/\/i0.wp.com\/3joursdecherbourg.fr\/wp-content\/uploads\/2023\/08\/IMG_0008-3-scaled.jpg?resize=525%2C300&ssl=1 1.5x, https:\/\/i0.wp.com\/3joursdecherbourg.fr\/wp-content\/uploads\/2023\/08\/IMG_0008-3-scaled.jpg?resize=700%2C400&ssl=1 2x, https:\/\/i0.wp.com\/3joursdecherbourg.fr\/wp-content\/uploads\/2023\/08\/IMG_0008-3-scaled.jpg?resize=1050%2C600&ssl=1 3x, https:\/\/i0.wp.com\/3joursdecherbourg.fr\/wp-content\/uploads\/2023\/08\/IMG_0008-3-scaled.jpg?resize=1400%2C800&ssl=1 4x"},"classes":[]}],"jetpack_likes_enabled":false,"jetpack_sharing_enabled":true,"_links":{"self":[{"href":"https:\/\/3joursdecherbourg.fr\/index.php?rest_route=\/wp\/v2\/pages\/2095","targetHints":{"allow":["GET"]}}],"collection":[{"href":"https:\/\/3joursdecherbourg.fr\/index.php?rest_route=\/wp\/v2\/pages"}],"about":[{"href":"https:\/\/3joursdecherbourg.fr\/index.php?rest_route=\/wp\/v2\/types\/page"}],"author":[{"embeddable":true,"href":"https:\/\/3joursdecherbourg.fr\/index.php?rest_route=\/wp\/v2\/users\/1"}],"replies":[{"embeddable":true,"href":"https:\/\/3joursdecherbourg.fr\/index.php?rest_route=%2Fwp%2Fv2%2Fcomments&post=2095"}],"version-history":[{"count":6,"href":"https:\/\/3joursdecherbourg.fr\/index.php?rest_route=\/wp\/v2\/pages\/2095\/revisions"}],"predecessor-version":[{"id":2399,"href":"https:\/\/3joursdecherbourg.fr\/index.php?rest_route=\/wp\/v2\/pages\/2095\/revisions\/2399"}],"wp:attachment":[{"href":"https:\/\/3joursdecherbourg.fr\/index.php?rest_route=%2Fwp%2Fv2%2Fmedia&parent=2095"}],"curies":[{"name":"wp","href":"https:\/\/api.w.org\/{rel}","templated":true}]}}