{"id":2294,"date":"2020-12-24T17:30:54","date_gmt":"2020-12-24T16:30:54","guid":{"rendered":"http:\/\/3joursdecherbourg.fr\/?page_id=2294"},"modified":"2021-08-19T12:13:29","modified_gmt":"2021-08-19T10:13:29","slug":"les-equipes-2021","status":"publish","type":"page","link":"https:\/\/3joursdecherbourg.fr\/?page_id=2294","title":{"rendered":"Les \u00e9quipes 2021"},"content":{"rendered":"<p>41 \u00e9quipes ont postul\u00e9 pour cette \u00e9dition 2021 des \u00ab\u00a03 jours de Cherbourg en Cotentin\u00a0\u00bb. Quelques unes se\u00a0 sont ensuite d\u00e9sist\u00e9es. Nous avons d\u00e9cid\u00e9, apr\u00e8s concertation avec la ville de Cherbourg-en-Cotentin, partenaire principal de l&rsquo;\u00e9preuve, de retenir ces candidatures dans l&rsquo;optique d&rsquo;une course du plus haut niveau, apr\u00e8s une ann\u00e9e de disette.<\/p>\n<p>Les \u00e9quipes ont donc \u00e9t\u00e9 appel\u00e9es \u00e0 confirmer leur pr\u00e9sence pour les 3, 4 et 5 septembre prochains. Certaines se sont d\u00e9sist\u00e9es ou n&rsquo;ont pas confirm\u00e9. A quelques jours de l&rsquo;\u00e9preuve, 30 \u00e9quipes ont donc confirm\u00e9 leur participation:<\/p>\n<p>(Mis \u00e0 jour le 19 ao\u00fbt 2021)<\/p>\n<a href=\"https:\/\/3joursdecherbourg.fr\/wp-content\/uploads\/2021\/08\/Les-equipes-2021.pdf\" class=\"pdfemb-viewer\" style=\"\" data-width=\"max\" data-height=\"max\" data-toolbar=\"bottom\" data-toolbar-fixed=\"off\">Les \u00e9quipes 2021<\/a>\n\n\n<p><\/p>\n","protected":false},"excerpt":{"rendered":"<p>41 \u00e9quipes ont postul\u00e9 pour cette \u00e9dition 2021 des \u00ab\u00a03 jours de Cherbourg en Cotentin\u00a0\u00bb. Quelques unes se\u00a0 sont ensuite d\u00e9sist\u00e9es. Nous avons d\u00e9cid\u00e9, apr\u00e8s concertation avec la ville de Cherbourg-en-Cotentin, partenaire principal de l&rsquo;\u00e9preuve, de retenir ces candidatures dans &hellip; <a href=\"https:\/\/3joursdecherbourg.fr\/?page_id=2294\">Continuer la lecture <span class=\"meta-nav\">&rarr;<\/span><\/a><\/p>\n","protected":false},"author":1,"featured_media":0,"parent":0,"menu_order":0,"comment_status":"closed","ping_status":"closed","template":"","meta":{"footnotes":""},"class_list":["post-2294","page","type-page","status-publish","hentry"],"jetpack_shortlink":"https:\/\/wp.me\/P8fpGS-B0","jetpack-related-posts":[{"id":5079,"url":"https:\/\/3joursdecherbourg.fr\/?page_id=5079","url_meta":{"origin":2294,"position":0},"title":"Pr\u00e9sentation 2025","author":"admin3809","date":"28 mai 2025","format":false,"excerpt":"C'est le 45\u00e8me... Oui, 45 ans que les meilleurs cyclistes amateurs de France et de l\u2019\u00c9tranger parcourent notre beau Cotentin \u00e0 la recherche de la prestigieuse victoire aux \u00ab\u00a03 jours de Cherbourg en Cotentin.\u00a0\u00bb La 44e \u00e9dition fut fort belle et r\u00e9compensa un \u00ab\u00a0manchois\u00a0\u00bb - ce n\u2019est pas si souvent\u2026","rel":"","context":"Article similaire","block_context":{"text":"Article similaire","link":""},"img":{"alt_text":"","src":"https:\/\/i0.wp.com\/img.youtube.com\/vi\/COX_hYxlDXI\/0.jpg?resize=350%2C200","width":350,"height":200},"classes":[]},{"id":936,"url":"https:\/\/3joursdecherbourg.fr\/?page_id=936","url_meta":{"origin":2294,"position":1},"title":"Les \u00e9quipes 2018","author":"admin3809","date":"3 janvier 2018","format":false,"excerpt":"Liste des \u00e9quipes retenues pour l'\u00e9dition 2018 des \"3 jours de Cherbourg\". 3 \u00e9quipes \u00e9trang\u00e8res 9 \u00e9quipes DN1 9 \u00e9quipes DN2 2 \u00e9quipes DN3 1 \u00e9quipe r\u00e9gionale 1 \u00e9quipe mixte Chaque \u00e9quipe retiendra cinq coureurs pour le d\u00e9part de l'\u00e9preuve. [table id=9 \/][table id=10 \/][table id=11 \/][table id=12 \/][table id=13\u2026","rel":"","context":"Article similaire","block_context":{"text":"Article similaire","link":""},"img":{"alt_text":"","src":"","width":0,"height":0},"classes":[]},{"id":5053,"url":"https:\/\/3joursdecherbourg.fr\/","url_meta":{"origin":2294,"position":2},"title":"Accueil","author":"admin3809","date":"28 mai 2025","format":false,"excerpt":"Les 3 Jours de Cherbourg-en-Cotentin reviennent en 2026\u00a0\ud83d\udeb4\u200d\u2642\ufe0f Apr\u00e8s une 45\u1d49 \u00e9dition intense et riche en \u00e9motions, l\u2019\u00e9quipe pr\u00e9pare d\u00e9j\u00e0 la prochaine \u00e9dition. Le site est actuellement en travaux\u00a0afin de vous proposer tr\u00e8s prochainement toutes les informations sur\u00a0l\u2019\u00e9dition 2026\u00a0: parcours, \u00e9quipes, animations et nouveaut\u00e9s. Merci pour votre patience et \u00e0\u2026","rel":"","context":"Article similaire","block_context":{"text":"Article similaire","link":""},"img":{"alt_text":"","src":"https:\/\/i0.wp.com\/img.youtube.com\/vi\/Q_xjKrsfql0\/0.jpg?resize=350%2C200","width":350,"height":200},"classes":[]},{"id":1594,"url":"https:\/\/3joursdecherbourg.fr\/?page_id=1594","url_meta":{"origin":2294,"position":3},"title":"Les r\u00e9sultats 2019","author":"admin3809","date":"22 f\u00e9vrier 2019","format":false,"excerpt":"La troisi\u00e8me et derni\u00e8re \u00e9tape a consacr\u00e9 le Team Nantes Atlantique et son jeune coureur, Louis Barr\u00e9 dans la d\u00e9fense de son maillot de leader de l'\u00e9preuve. Apr\u00e8s les premi\u00e8res escarmouches, une \u00e9chapp\u00e9e a pu prendre les devants et rester aux avants postes jusqu'aux difficiles bosses des derniers kilom\u00e8tres. Owen\u2026","rel":"","context":"Article similaire","block_context":{"text":"Article similaire","link":""},"img":{"alt_text":"","src":"https:\/\/i0.wp.com\/3joursdecherbourg.fr\/wp-content\/uploads\/2019\/09\/DSC_2981-300x199.jpg?resize=350%2C200","width":350,"height":200},"classes":[]},{"id":2553,"url":"https:\/\/3joursdecherbourg.fr\/?page_id=2553","url_meta":{"origin":2294,"position":4},"title":"Dossier Course","author":"admin3809","date":"4 ao\u00fbt 2021","format":false,"excerpt":"Dossier Course qui pourra \u00eatre modifi\u00e9 jusqu'\u00e0 son \u00e9dition papier, quelques jours avant le d\u00e9part de l'\u00e9preuve, notamment en cas de modifications dans les \u00e9quipes engag\u00e9es ou autres participants:","rel":"","context":"Article similaire","block_context":{"text":"Article similaire","link":""},"img":{"alt_text":"","src":"https:\/\/i0.wp.com\/3joursdecherbourg.fr\/wp-content\/uploads\/2021\/08\/Page-30-2021-5.jpg?resize=350%2C200&ssl=1","width":350,"height":200,"srcset":"https:\/\/i0.wp.com\/3joursdecherbourg.fr\/wp-content\/uploads\/2021\/08\/Page-30-2021-5.jpg?resize=350%2C200&ssl=1 1x, https:\/\/i0.wp.com\/3joursdecherbourg.fr\/wp-content\/uploads\/2021\/08\/Page-30-2021-5.jpg?resize=525%2C300&ssl=1 1.5x, https:\/\/i0.wp.com\/3joursdecherbourg.fr\/wp-content\/uploads\/2021\/08\/Page-30-2021-5.jpg?resize=700%2C400&ssl=1 2x"},"classes":[]},{"id":3094,"url":"https:\/\/3joursdecherbourg.fr\/?page_id=3094","url_meta":{"origin":2294,"position":5},"title":"Les \u00e9quipes 2022","author":"admin3809","date":"11 avril 2022","format":false,"excerpt":"Liste des \u00e9quipes N1, auxquelles nous avons souhait\u00e9 ajouter une \u00e9quipe invit\u00e9e, la s\u00e9lection Normandie, soit 28 \u00e9quipes de 6 coureurs au d\u00e9part de l'\u00e9preuve. https:\/\/youtu.be\/ZSkgPJ_bO9g","rel":"","context":"Article similaire","block_context":{"text":"Article similaire","link":""},"img":{"alt_text":"","src":"https:\/\/i0.wp.com\/3joursdecherbourg.fr\/wp-content\/uploads\/2022\/04\/telechargement-2.png?resize=350%2C200&ssl=1","width":350,"height":200},"classes":[]}],"jetpack_likes_enabled":false,"jetpack_sharing_enabled":true,"_links":{"self":[{"href":"https:\/\/3joursdecherbourg.fr\/index.php?rest_route=\/wp\/v2\/pages\/2294","targetHints":{"allow":["GET"]}}],"collection":[{"href":"https:\/\/3joursdecherbourg.fr\/index.php?rest_route=\/wp\/v2\/pages"}],"about":[{"href":"https:\/\/3joursdecherbourg.fr\/index.php?rest_route=\/wp\/v2\/types\/page"}],"author":[{"embeddable":true,"href":"https:\/\/3joursdecherbourg.fr\/index.php?rest_route=\/wp\/v2\/users\/1"}],"replies":[{"embeddable":true,"href":"https:\/\/3joursdecherbourg.fr\/index.php?rest_route=%2Fwp%2Fv2%2Fcomments&post=2294"}],"version-history":[{"count":24,"href":"https:\/\/3joursdecherbourg.fr\/index.php?rest_route=\/wp\/v2\/pages\/2294\/revisions"}],"predecessor-version":[{"id":2784,"href":"https:\/\/3joursdecherbourg.fr\/index.php?rest_route=\/wp\/v2\/pages\/2294\/revisions\/2784"}],"wp:attachment":[{"href":"https:\/\/3joursdecherbourg.fr\/index.php?rest_route=%2Fwp%2Fv2%2Fmedia&parent=2294"}],"curies":[{"name":"wp","href":"https:\/\/api.w.org\/{rel}","templated":true}]}}