{"id":4109,"date":"2023-03-22T11:46:25","date_gmt":"2023-03-22T10:46:25","guid":{"rendered":"https:\/\/3joursdecherbourg.fr\/?page_id=4109"},"modified":"2024-04-09T16:35:25","modified_gmt":"2024-04-09T14:35:25","slug":"guide-technique","status":"publish","type":"page","link":"https:\/\/3joursdecherbourg.fr\/?page_id=4109","title":{"rendered":"Pr\u00e9sentation 2024"},"content":{"rendered":"<p>La page peut \u00eatre un peu longue \u00e0 s&rsquo;afficher&#8230; patience!<\/p>\n\n<a href=\"https:\/\/3joursdecherbourg.fr\/wp-content\/uploads\/2024\/04\/Dossier-presentation-2024.pdf\" class=\"pdfemb-viewer\" style=\"\" data-width=\"max\" data-height=\"max\" data-toolbar=\"bottom\" data-toolbar-fixed=\"off\">Dossier-presentation-2024<\/a>","protected":false},"excerpt":{"rendered":"<p>La page peut \u00eatre un peu longue \u00e0 s&rsquo;afficher&#8230; patience!<\/p>\n","protected":false},"author":1,"featured_media":0,"parent":0,"menu_order":0,"comment_status":"closed","ping_status":"closed","template":"","meta":{"footnotes":""},"class_list":["post-4109","page","type-page","status-publish","hentry"],"jetpack_shortlink":"https:\/\/wp.me\/P8fpGS-14h","jetpack-related-posts":[{"id":93,"url":"https:\/\/3joursdecherbourg.fr\/?page_id=93","url_meta":{"origin":4109,"position":0},"title":"1\u00e8re \u00e9tape 2017","author":"admin3809","date":"24 d\u00e9cembre 2016","format":false,"excerpt":"La traditionnelle \u00e9tape du Val-de-Saire garde sa configuration \u00e9trenn\u00e9e l'an dernier. Un trac\u00e9 champ\u00eatre qui marie la beaut\u00e9 de la c\u00f4te Est du Cotentin avec les verts p\u00e2turages du bocage Normand. Mais les coureurs sont rappel\u00e9s \u00e0 la r\u00e9alit\u00e9 de la course par les c\u00f4tes de la Pernelle et du\u2026","rel":"","context":"Article similaire","block_context":{"text":"Article similaire","link":""},"img":{"alt_text":"","src":"https:\/\/i0.wp.com\/3joursdecherbourg.fr\/wp-content\/uploads\/2016\/12\/3-jours-de-cherbourg-2014-361-52-300x200.jpg?resize=350%2C200","width":350,"height":200},"classes":[]},{"id":2110,"url":"https:\/\/3joursdecherbourg.fr\/?page_id=2110","url_meta":{"origin":4109,"position":1},"title":"3\u00e8me \u00e9tape 2021","author":"admin3809","date":"2 d\u00e9cembre 2019","format":false,"excerpt":"Cette derni\u00e8re \u00e9tape sacrera sans nul doute un grand champion au sommet de la Montagne du Roule. C'est en effet l\u00e0 que se terminera cette \u00e9dition 2021 apr\u00e8s une \u00e9tape particuli\u00e8rement difficile. Le d\u00e9part sera donn\u00e9 \u00e0 la sortie de Tourlaville en haut de la c\u00f4te de Br\u00e9qu\u00e9cal qui constituera\u2026","rel":"","context":"Article similaire","block_context":{"text":"Article similaire","link":""},"img":{"alt_text":"","src":"https:\/\/i0.wp.com\/3joursdecherbourg.fr\/wp-content\/uploads\/2020\/02\/Sciotot.jpg?resize=350%2C200&ssl=1","width":350,"height":200,"srcset":"https:\/\/i0.wp.com\/3joursdecherbourg.fr\/wp-content\/uploads\/2020\/02\/Sciotot.jpg?resize=350%2C200&ssl=1 1x, https:\/\/i0.wp.com\/3joursdecherbourg.fr\/wp-content\/uploads\/2020\/02\/Sciotot.jpg?resize=525%2C300&ssl=1 1.5x"},"classes":[]},{"id":1581,"url":"https:\/\/3joursdecherbourg.fr\/?page_id=1581","url_meta":{"origin":4109,"position":2},"title":"2\u00e8me \u00e9tape 2019","author":"admin3809","date":"22 f\u00e9vrier 2019","format":false,"excerpt":"Une deuxi\u00e8me \u00e9tape difficile qui monte et descend sans cesse. Les bosses sont courtes, 1 \u00e0 2 km tout au plus, mais raides. C'est une \u00e9tape qui permet \u00e0 un puncheur de lever les bras rue Roger Salengro \u00e0 Octeville.","rel":"","context":"Article similaire","block_context":{"text":"Article similaire","link":""},"img":{"alt_text":"","src":"https:\/\/i0.wp.com\/3joursdecherbourg.fr\/wp-content\/uploads\/2019\/07\/DSC_2528-300x199.jpg?resize=350%2C200","width":350,"height":200},"classes":[]},{"id":4078,"url":"https:\/\/3joursdecherbourg.fr\/?page_id=4078","url_meta":{"origin":4109,"position":3},"title":"1\u00e8re \u00e9tape 2023","author":"admin3809","date":"8 mars 2023","format":false,"excerpt":"https:\/\/youtu.be\/RfWuC_Hms0s https:\/\/youtu.be\/A-Rp0FnVHqw?si=vLJr27Vg-7lbq967 https:\/\/www.calculitineraires.fr\/index.php?id=1363012#map Apr\u00e8s 2 ann\u00e9es \u00e0 Portbail-sur-Mer, c'est maintenant Bricquebec-en-Cotentin qui accueillera l'arriv\u00e9e de cette premi\u00e8re \u00e9tape 2023. Avec un d\u00e9part classique par le Val-de-Saire, la premi\u00e8re difficult\u00e9 de La Pernelle arrive tr\u00e8s rapidement. Un changement ensuite puisque dans le bourg du Vast les coureurs partiront \u00e0 gauche directement\u2026","rel":"","context":"Article similaire","block_context":{"text":"Article similaire","link":""},"img":{"alt_text":"","src":"https:\/\/i0.wp.com\/img.youtube.com\/vi\/RfWuC_Hms0s\/0.jpg?resize=350%2C200","width":350,"height":200},"classes":[]},{"id":3144,"url":"https:\/\/3joursdecherbourg.fr\/?page_id=3144","url_meta":{"origin":4109,"position":4},"title":"2\u00e8me \u00e9tape 2022","author":"admin3809","date":"20 avril 2022","format":false,"excerpt":"Querqueville --> Octeville (163.21km) La parcours interactif: https:\/\/www.relive.cc\/view\/vYvrL3Vx3x6\/exploreLe circuit sur \u00ab\u00a0Calcul itin\u00e9raires\u00a0\u00bb: https:\/\/www.calculitineraires.fr\/index.php?id=1208749#map https:\/\/youtu.be\/t2VZTzWXPI4 Etape semblable \u00e0 2021, mais avec quelques am\u00e9nagements: Plus de passage par le bourg de Flamanville, nous filerons directement de Di\u00e8lette jusqu'aux Pieux. Ensuite, apr\u00e8s Bricquebec et sa c\u00f4te de Catigny, la difficult\u00e9 suivante de Brix\u2026","rel":"","context":"Article similaire","block_context":{"text":"Article similaire","link":""},"img":{"alt_text":"","src":"https:\/\/i0.wp.com\/3joursdecherbourg.fr\/wp-content\/uploads\/2022\/04\/DSC_7777-1024x683.jpg?resize=350%2C200&ssl=1","width":350,"height":200,"srcset":"https:\/\/i0.wp.com\/3joursdecherbourg.fr\/wp-content\/uploads\/2022\/04\/DSC_7777-1024x683.jpg?resize=350%2C200&ssl=1 1x, https:\/\/i0.wp.com\/3joursdecherbourg.fr\/wp-content\/uploads\/2022\/04\/DSC_7777-1024x683.jpg?resize=525%2C300&ssl=1 1.5x"},"classes":[]},{"id":1057,"url":"https:\/\/3joursdecherbourg.fr\/?page_id=1057","url_meta":{"origin":4109,"position":5},"title":"Politique de confidentialit\u00e9","author":"admin3809","date":"26 mai 2018","format":false,"excerpt":"Qui sommes-nous\u00a0? L\u2019adresse de notre site Web est\u00a0: http:\/\/3joursdecherbourg.fr. Utilisation des donn\u00e9es personnelles collect\u00e9es Commentaires Quand vous laissez un commentaire sur notre site web, les donn\u00e9es inscrites dans le formulaire de commentaire, mais aussi votre adresse IP et l\u2019agent utilisateur de votre navigateur sont collect\u00e9s pour nous aider \u00e0 la\u2026","rel":"","context":"Article similaire","block_context":{"text":"Article similaire","link":""},"img":{"alt_text":"","src":"","width":0,"height":0},"classes":[]}],"jetpack_likes_enabled":false,"jetpack_sharing_enabled":true,"_links":{"self":[{"href":"https:\/\/3joursdecherbourg.fr\/index.php?rest_route=\/wp\/v2\/pages\/4109","targetHints":{"allow":["GET"]}}],"collection":[{"href":"https:\/\/3joursdecherbourg.fr\/index.php?rest_route=\/wp\/v2\/pages"}],"about":[{"href":"https:\/\/3joursdecherbourg.fr\/index.php?rest_route=\/wp\/v2\/types\/page"}],"author":[{"embeddable":true,"href":"https:\/\/3joursdecherbourg.fr\/index.php?rest_route=\/wp\/v2\/users\/1"}],"replies":[{"embeddable":true,"href":"https:\/\/3joursdecherbourg.fr\/index.php?rest_route=%2Fwp%2Fv2%2Fcomments&post=4109"}],"version-history":[{"count":9,"href":"https:\/\/3joursdecherbourg.fr\/index.php?rest_route=\/wp\/v2\/pages\/4109\/revisions"}],"predecessor-version":[{"id":4621,"href":"https:\/\/3joursdecherbourg.fr\/index.php?rest_route=\/wp\/v2\/pages\/4109\/revisions\/4621"}],"wp:attachment":[{"href":"https:\/\/3joursdecherbourg.fr\/index.php?rest_route=%2Fwp%2Fv2%2Fmedia&parent=4109"}],"curies":[{"name":"wp","href":"https:\/\/api.w.org\/{rel}","templated":true}]}}