{"id":4241,"date":"2023-07-15T14:15:10","date_gmt":"2023-07-15T12:15:10","guid":{"rendered":"https:\/\/3joursdecherbourg.fr\/?page_id=4241"},"modified":"2023-09-01T23:40:55","modified_gmt":"2023-09-01T21:40:55","slug":"etape-1-2","status":"publish","type":"page","link":"https:\/\/3joursdecherbourg.fr\/?page_id=4241","title":{"rendered":"Etape 1"},"content":{"rendered":"\n<p><strong>Victoire de SENICOURT Kylian (PHILIPPE WAGNER CYCLING)<\/strong><\/p>\n\n\n\n<p>C\u2019est sous l\u2019\u00e9motion de la disparition de Johan Paque, directeur sportif du team Bricquebec-en-Cotentin que cette 43\u00e8me \u00e9dition des 3 jours de Cherbourg s\u2019est \u00e9lanc\u00e9e de la mairie de Tourlaville, commune d\u00e9l\u00e9gu\u00e9e de Cherbourg-en-Cotentin.&nbsp;<\/p>\n\n\n\n<p>D\u00e8s les premiers kilom\u00e8tres, plusieurs coureurs ont tent\u00e9 de prendre l&rsquo;\u00e9chapp\u00e9e sans r\u00e9ellement prendre ses distances par rapport au peloton. C\u2019est finalement un duo qui s\u2019est \u00e9chapp\u00e9, rapidement rejoint par 2 autres Hommes.&nbsp;<\/p>\n\n\n\n<p>Ensuite, une \u00e9chapp\u00e9e de 4 Hommes (PROVOST Maximilien, GOUGEARD Alexis, BRAZ-AFONSO Cl\u00e9ment, LAURENSOT Edgar) qui s\u2019est pr\u00e9sent\u00e9e dans les ruelles de Bricquebec en Cotentin avec ce premier passage sur la ligne d\u2019arriv\u00e9e et un \u00e9cart d\u2019environ 30 secondes sur le peloton.&nbsp;<\/p>\n\n\n\n<p>Mais le premier tour de circuit va avoir raison des quatre hommes de t\u00eate puisque c\u2019est un peloton morcel\u00e9 qui a rapidement repris les \u00e9chapp\u00e9s juste apr\u00e8s le second passage sur la ligne.&nbsp;<\/p>\n\n\n\n<p>C\u2019est le dernier tour de circuits, long de 18 kilom\u00e8tres, qui a \u00e9t\u00e9 le juge de paix de cette premi\u00e8re \u00e9tape avec finalement 2 hommes \u00e0 l\u2019avant, SENICOURT Kylian (PHILIPPE WAGNER CYCLING) et MATTHYS Louka (CC NOGENT SUR OISE) qui prennent l\u2019\u00e9chapp\u00e9 d\u00e9cisif et c\u2019est au sprint que Kylian SENICOURT va s\u2019imposer dans les ruelles de Bricquebec en Cotentin<\/p>\n\n\n\n<figure class=\"wp-block-image size-large\"><img data-recalc-dims=\"1\" loading=\"lazy\" decoding=\"async\" width=\"640\" height=\"339\" data-attachment-id=\"4486\" data-permalink=\"https:\/\/3joursdecherbourg.fr\/?attachment_id=4486\" data-orig-file=\"https:\/\/i0.wp.com\/3joursdecherbourg.fr\/wp-content\/uploads\/2023\/09\/Capture-decran-2023-09-01-233915.png?fit=1096%2C580&amp;ssl=1\" data-orig-size=\"1096,580\" data-comments-opened=\"1\" data-image-meta=\"{&quot;aperture&quot;:&quot;0&quot;,&quot;credit&quot;:&quot;&quot;,&quot;camera&quot;:&quot;&quot;,&quot;caption&quot;:&quot;&quot;,&quot;created_timestamp&quot;:&quot;0&quot;,&quot;copyright&quot;:&quot;&quot;,&quot;focal_length&quot;:&quot;0&quot;,&quot;iso&quot;:&quot;0&quot;,&quot;shutter_speed&quot;:&quot;0&quot;,&quot;title&quot;:&quot;&quot;,&quot;orientation&quot;:&quot;0&quot;}\" data-image-title=\"Capture-decran-2023-09-01-233915\" data-image-description=\"\" data-image-caption=\"\" data-medium-file=\"https:\/\/i0.wp.com\/3joursdecherbourg.fr\/wp-content\/uploads\/2023\/09\/Capture-decran-2023-09-01-233915.png?fit=300%2C159&amp;ssl=1\" data-large-file=\"https:\/\/i0.wp.com\/3joursdecherbourg.fr\/wp-content\/uploads\/2023\/09\/Capture-decran-2023-09-01-233915.png?fit=640%2C339&amp;ssl=1\" src=\"https:\/\/i0.wp.com\/3joursdecherbourg.fr\/wp-content\/uploads\/2023\/09\/Capture-decran-2023-09-01-233915.png?resize=640%2C339&#038;ssl=1\" alt=\"\" class=\"wp-image-4486\" srcset=\"https:\/\/i0.wp.com\/3joursdecherbourg.fr\/wp-content\/uploads\/2023\/09\/Capture-decran-2023-09-01-233915.png?resize=1024%2C542&amp;ssl=1 1024w, https:\/\/i0.wp.com\/3joursdecherbourg.fr\/wp-content\/uploads\/2023\/09\/Capture-decran-2023-09-01-233915.png?resize=300%2C159&amp;ssl=1 300w, https:\/\/i0.wp.com\/3joursdecherbourg.fr\/wp-content\/uploads\/2023\/09\/Capture-decran-2023-09-01-233915.png?resize=768%2C406&amp;ssl=1 768w, https:\/\/i0.wp.com\/3joursdecherbourg.fr\/wp-content\/uploads\/2023\/09\/Capture-decran-2023-09-01-233915.png?w=1096&amp;ssl=1 1096w\" sizes=\"auto, (max-width: 640px) 100vw, 640px\" \/><\/figure>\n\n\n<iframe loading=\"lazy\" class=\"embed-pdf-viewer\" src=\"https:\/\/3joursdecherbourg.fr\/wp-content\/uploads\/2023\/09\/ETAPE-1.pdf\" height=\"543\" width=\"543\" title=\"ETAPE-1\"><\/iframe>\n\n<iframe loading=\"lazy\" class=\"embed-pdf-viewer\" src=\"https:\/\/3joursdecherbourg.fr\/wp-content\/uploads\/2023\/09\/GENERAL-1.pdf\" height=\"548\" width=\"548\" title=\"GENERAL-1\"><\/iframe>\n\n<iframe loading=\"lazy\" class=\"embed-pdf-viewer\" src=\"https:\/\/3joursdecherbourg.fr\/wp-content\/uploads\/2023\/09\/GENERAL-GRIMPEUR-1.pdf\" height=\"544\" width=\"544\" title=\"GENERAL-GRIMPEUR-1\"><\/iframe>\n\n<iframe loading=\"lazy\" class=\"embed-pdf-viewer\" src=\"https:\/\/3joursdecherbourg.fr\/wp-content\/uploads\/2023\/09\/GRIMPEUR-1.pdf\" height=\"560\" width=\"560\" title=\"GRIMPEUR-1\"><\/iframe>\n\n<iframe loading=\"lazy\" class=\"embed-pdf-viewer\" src=\"https:\/\/3joursdecherbourg.fr\/wp-content\/uploads\/2023\/09\/GENERAL-POINTS-1.pdf\" height=\"558\" width=\"558\" title=\"GENERAL-POINTS-1\"><\/iframe>\n\n<iframe loading=\"lazy\" class=\"embed-pdf-viewer\" src=\"https:\/\/3joursdecherbourg.fr\/wp-content\/uploads\/2023\/09\/POINTS-ETAPE-1.pdf\" height=\"556\" width=\"556\" title=\"POINTS-ETAPE-1\"><\/iframe>\n\n<iframe loading=\"lazy\" class=\"embed-pdf-viewer\" src=\"https:\/\/3joursdecherbourg.fr\/wp-content\/uploads\/2023\/09\/GANERAL-EQUIPE-1.pdf\" height=\"540\" width=\"540\" title=\"GANERAL-EQUIPE-1\"><\/iframe>\n\n<iframe loading=\"lazy\" class=\"embed-pdf-viewer\" src=\"https:\/\/3joursdecherbourg.fr\/wp-content\/uploads\/2023\/09\/EQUIPE-1.pdf\" height=\"533\" width=\"533\" title=\"EQUIPE-1\"><\/iframe>\n\n<iframe loading=\"lazy\" class=\"embed-pdf-viewer\" src=\"https:\/\/3joursdecherbourg.fr\/wp-content\/uploads\/2023\/09\/ORDRE-DES-VOITURES.pdf\" height=\"528\" width=\"528\" title=\"ORDRE-DES-VOITURES\"><\/iframe>","protected":false},"excerpt":{"rendered":"<p>Victoire de SENICOURT Kylian (PHILIPPE WAGNER CYCLING) C\u2019est sous l\u2019\u00e9motion de la disparition de Johan Paque, directeur sportif du team Bricquebec-en-Cotentin que cette 43\u00e8me \u00e9dition des 3 jours de Cherbourg s\u2019est \u00e9lanc\u00e9e de la mairie de Tourlaville, commune d\u00e9l\u00e9gu\u00e9e de &hellip; <a href=\"https:\/\/3joursdecherbourg.fr\/?page_id=4241\">Continuer la lecture <span class=\"meta-nav\">&rarr;<\/span><\/a><\/p>\n","protected":false},"author":1,"featured_media":0,"parent":0,"menu_order":0,"comment_status":"closed","ping_status":"closed","template":"","meta":{"footnotes":""},"class_list":["post-4241","page","type-page","status-publish","hentry"],"jetpack_shortlink":"https:\/\/wp.me\/P8fpGS-16p","jetpack-related-posts":[{"id":2898,"url":"https:\/\/3joursdecherbourg.fr\/?page_id=2898","url_meta":{"origin":4241,"position":0},"title":"Les r\u00e9sultats 2021","author":"admin3809","date":"3 septembre 2021","format":false,"excerpt":"\u00a0 3\u00e8me \u00e9tape:\u00a0 Un sc\u00e9nario identique \u00e0 la veille avec une \u00e9chapp\u00e9e au long cours rattrap\u00e9e sur le tard. Quelque secondes d'avances auront suffi pour d\u00e9signer le vainqueur de la mont\u00e9e du Roule. Cette \u00e9tape disput\u00e9e sous un temps d'abord brumeux s'est termin\u00e9e au grand soleil, devant le millier de\u2026","rel":"","context":"Article similaire","block_context":{"text":"Article similaire","link":""},"img":{"alt_text":"","src":"https:\/\/i0.wp.com\/3joursdecherbourg.fr\/wp-content\/uploads\/2021\/09\/DSC_3143-1024x681.jpg?resize=350%2C200&ssl=1","width":350,"height":200,"srcset":"https:\/\/i0.wp.com\/3joursdecherbourg.fr\/wp-content\/uploads\/2021\/09\/DSC_3143-1024x681.jpg?resize=350%2C200&ssl=1 1x, https:\/\/i0.wp.com\/3joursdecherbourg.fr\/wp-content\/uploads\/2021\/09\/DSC_3143-1024x681.jpg?resize=525%2C300&ssl=1 1.5x"},"classes":[]},{"id":5079,"url":"https:\/\/3joursdecherbourg.fr\/?page_id=5079","url_meta":{"origin":4241,"position":1},"title":"Pr\u00e9sentation 2025","author":"admin3809","date":"28 mai 2025","format":false,"excerpt":"C'est le 45\u00e8me... Oui, 45 ans que les meilleurs cyclistes amateurs de France et de l\u2019\u00c9tranger parcourent notre beau Cotentin \u00e0 la recherche de la prestigieuse victoire aux \u00ab\u00a03 jours de Cherbourg en Cotentin.\u00a0\u00bb La 44e \u00e9dition fut fort belle et r\u00e9compensa un \u00ab\u00a0manchois\u00a0\u00bb - ce n\u2019est pas si souvent\u2026","rel":"","context":"Article similaire","block_context":{"text":"Article similaire","link":""},"img":{"alt_text":"","src":"https:\/\/i0.wp.com\/img.youtube.com\/vi\/COX_hYxlDXI\/0.jpg?resize=350%2C200","width":350,"height":200},"classes":[]},{"id":4078,"url":"https:\/\/3joursdecherbourg.fr\/?page_id=4078","url_meta":{"origin":4241,"position":2},"title":"1\u00e8re \u00e9tape 2023","author":"admin3809","date":"8 mars 2023","format":false,"excerpt":"https:\/\/youtu.be\/RfWuC_Hms0s https:\/\/youtu.be\/A-Rp0FnVHqw?si=vLJr27Vg-7lbq967 https:\/\/www.calculitineraires.fr\/index.php?id=1363012#map Apr\u00e8s 2 ann\u00e9es \u00e0 Portbail-sur-Mer, c'est maintenant Bricquebec-en-Cotentin qui accueillera l'arriv\u00e9e de cette premi\u00e8re \u00e9tape 2023. Avec un d\u00e9part classique par le Val-de-Saire, la premi\u00e8re difficult\u00e9 de La Pernelle arrive tr\u00e8s rapidement. Un changement ensuite puisque dans le bourg du Vast les coureurs partiront \u00e0 gauche directement\u2026","rel":"","context":"Article similaire","block_context":{"text":"Article similaire","link":""},"img":{"alt_text":"","src":"https:\/\/i0.wp.com\/img.youtube.com\/vi\/RfWuC_Hms0s\/0.jpg?resize=350%2C200","width":350,"height":200},"classes":[]},{"id":4238,"url":"https:\/\/3joursdecherbourg.fr\/?page_id=4238","url_meta":{"origin":4241,"position":3},"title":"Etape 3","author":"admin3809","date":"15 juillet 2023","format":false,"excerpt":"Une derni\u00e8re \u00e9tape marqu\u00e9e par le num\u00e9ro incroyable de L\u00e9andre HUCK, le Rouennais s\u2019est envol\u00e9 avec plus de 5 min d\u2019avance sur le peloton, celui-ci \u00e0 fait plus de 90 km \u00e0 l\u2019avant mais sera repris \u00e0 moins de 3 km de l\u2019arriv\u00e9e par un contre de 4 coureurs qui\u2026","rel":"","context":"Article similaire","block_context":{"text":"Article similaire","link":""},"img":{"alt_text":"","src":"https:\/\/i0.wp.com\/3joursdecherbourg.fr\/wp-content\/uploads\/2023\/09\/Capture-decran-2023-09-03-194133.png?resize=350%2C200&ssl=1","width":350,"height":200,"srcset":"https:\/\/i0.wp.com\/3joursdecherbourg.fr\/wp-content\/uploads\/2023\/09\/Capture-decran-2023-09-03-194133.png?resize=350%2C200&ssl=1 1x, https:\/\/i0.wp.com\/3joursdecherbourg.fr\/wp-content\/uploads\/2023\/09\/Capture-decran-2023-09-03-194133.png?resize=525%2C300&ssl=1 1.5x, https:\/\/i0.wp.com\/3joursdecherbourg.fr\/wp-content\/uploads\/2023\/09\/Capture-decran-2023-09-03-194133.png?resize=700%2C400&ssl=1 2x, https:\/\/i0.wp.com\/3joursdecherbourg.fr\/wp-content\/uploads\/2023\/09\/Capture-decran-2023-09-03-194133.png?resize=1050%2C600&ssl=1 3x"},"classes":[]},{"id":3092,"url":"https:\/\/3joursdecherbourg.fr\/?page_id=3092","url_meta":{"origin":4241,"position":4},"title":"Les r\u00e9sum\u00e9s des \u00e9tapes 2022","author":"admin3809","date":"11 avril 2022","format":false,"excerpt":"1\u00e9re \u00e9tapes (Bretteville - Port-Bail-sur-Mer) Cette \u00e9dition 2022 des 3 jours de Cherbourg en Cotentin a commenc\u00e9 fort par la premi\u00e8re \u00e9tape reliant Bretteville \u00e0 Port-Bail-sur-Mer, cette \u00e9tape longue de 146 kilom\u00e8tres a \u00e9t\u00e9 riche en rebondissements. Le d\u00e9part a \u00e9t\u00e9 marqu\u00e9 par plusieurs probl\u00e8mes m\u00e9caniques et d\u2019une chute dans\u2026","rel":"","context":"Article similaire","block_context":{"text":"Article similaire","link":""},"img":{"alt_text":"","src":"https:\/\/i0.wp.com\/3joursdecherbourg.fr\/wp-content\/uploads\/2022\/09\/IMG_2920-300x200.jpg?resize=350%2C200&ssl=1","width":350,"height":200},"classes":[]},{"id":1594,"url":"https:\/\/3joursdecherbourg.fr\/?page_id=1594","url_meta":{"origin":4241,"position":5},"title":"Les r\u00e9sultats 2019","author":"admin3809","date":"22 f\u00e9vrier 2019","format":false,"excerpt":"La troisi\u00e8me et derni\u00e8re \u00e9tape a consacr\u00e9 le Team Nantes Atlantique et son jeune coureur, Louis Barr\u00e9 dans la d\u00e9fense de son maillot de leader de l'\u00e9preuve. Apr\u00e8s les premi\u00e8res escarmouches, une \u00e9chapp\u00e9e a pu prendre les devants et rester aux avants postes jusqu'aux difficiles bosses des derniers kilom\u00e8tres. Owen\u2026","rel":"","context":"Article similaire","block_context":{"text":"Article similaire","link":""},"img":{"alt_text":"","src":"https:\/\/i0.wp.com\/3joursdecherbourg.fr\/wp-content\/uploads\/2019\/09\/DSC_2981-300x199.jpg?resize=350%2C200","width":350,"height":200},"classes":[]}],"jetpack_likes_enabled":false,"jetpack_sharing_enabled":true,"_links":{"self":[{"href":"https:\/\/3joursdecherbourg.fr\/index.php?rest_route=\/wp\/v2\/pages\/4241","targetHints":{"allow":["GET"]}}],"collection":[{"href":"https:\/\/3joursdecherbourg.fr\/index.php?rest_route=\/wp\/v2\/pages"}],"about":[{"href":"https:\/\/3joursdecherbourg.fr\/index.php?rest_route=\/wp\/v2\/types\/page"}],"author":[{"embeddable":true,"href":"https:\/\/3joursdecherbourg.fr\/index.php?rest_route=\/wp\/v2\/users\/1"}],"replies":[{"embeddable":true,"href":"https:\/\/3joursdecherbourg.fr\/index.php?rest_route=%2Fwp%2Fv2%2Fcomments&post=4241"}],"version-history":[{"count":6,"href":"https:\/\/3joursdecherbourg.fr\/index.php?rest_route=\/wp\/v2\/pages\/4241\/revisions"}],"predecessor-version":[{"id":4488,"href":"https:\/\/3joursdecherbourg.fr\/index.php?rest_route=\/wp\/v2\/pages\/4241\/revisions\/4488"}],"wp:attachment":[{"href":"https:\/\/3joursdecherbourg.fr\/index.php?rest_route=%2Fwp%2Fv2%2Fmedia&parent=4241"}],"curies":[{"name":"wp","href":"https:\/\/api.w.org\/{rel}","templated":true}]}}