{"id":5570,"date":"2025-12-14T01:11:53","date_gmt":"2025-12-14T00:11:53","guid":{"rendered":"https:\/\/3joursdecherbourg.fr\/?page_id=5570"},"modified":"2025-12-14T01:11:53","modified_gmt":"2025-12-14T00:11:53","slug":"edition-2026","status":"publish","type":"page","link":"https:\/\/3joursdecherbourg.fr\/?page_id=5570","title":{"rendered":"\u00c9dition 2026"},"content":{"rendered":"","protected":false},"excerpt":{"rendered":"","protected":false},"author":1,"featured_media":0,"parent":0,"menu_order":0,"comment_status":"closed","ping_status":"closed","template":"","meta":{"footnotes":""},"class_list":["post-5570","page","type-page","status-publish","hentry"],"jetpack_shortlink":"https:\/\/wp.me\/P8fpGS-1rQ","jetpack-related-posts":[{"id":5053,"url":"https:\/\/3joursdecherbourg.fr\/","url_meta":{"origin":5570,"position":0},"title":"Accueil","author":"admin3809","date":"28 mai 2025","format":false,"excerpt":"Les 3 Jours de Cherbourg-en-Cotentin reviennent en 2026\u00a0\ud83d\udeb4\u200d\u2642\ufe0f Apr\u00e8s une 45\u1d49 \u00e9dition intense et riche en \u00e9motions, l\u2019\u00e9quipe pr\u00e9pare d\u00e9j\u00e0 la prochaine \u00e9dition. Le site est actuellement en travaux\u00a0afin de vous proposer tr\u00e8s prochainement toutes les informations sur\u00a0l\u2019\u00e9dition 2026\u00a0: parcours, \u00e9quipes, animations et nouveaut\u00e9s. Merci pour votre patience et \u00e0\u2026","rel":"","context":"Article similaire","block_context":{"text":"Article similaire","link":""},"img":{"alt_text":"","src":"https:\/\/i0.wp.com\/img.youtube.com\/vi\/Q_xjKrsfql0\/0.jpg?resize=350%2C200","width":350,"height":200},"classes":[]},{"id":4259,"url":"https:\/\/3joursdecherbourg.fr\/?page_id=4259","url_meta":{"origin":5570,"position":1},"title":"Edition 2023","author":"admin3809","date":"15 juillet 2023","format":false,"excerpt":"","rel":"","context":"Article similaire","block_context":{"text":"Article similaire","link":""},"img":{"alt_text":"","src":"","width":0,"height":0},"classes":[]},{"id":5598,"url":"https:\/\/3joursdecherbourg.fr\/?page_id=5598","url_meta":{"origin":5570,"position":2},"title":"R\u00e9sultats 1e \u00e9tape 2026","author":"admin3809","date":"14 d\u00e9cembre 2025","format":false,"excerpt":"","rel":"","context":"Article similaire","block_context":{"text":"Article similaire","link":""},"img":{"alt_text":"","src":"","width":0,"height":0},"classes":[]},{"id":5599,"url":"https:\/\/3joursdecherbourg.fr\/?page_id=5599","url_meta":{"origin":5570,"position":3},"title":"R\u00e9sultats 2e \u00e9tape 2026","author":"admin3809","date":"14 d\u00e9cembre 2025","format":false,"excerpt":"","rel":"","context":"Article similaire","block_context":{"text":"Article similaire","link":""},"img":{"alt_text":"","src":"","width":0,"height":0},"classes":[]},{"id":5600,"url":"https:\/\/3joursdecherbourg.fr\/?page_id=5600","url_meta":{"origin":5570,"position":4},"title":"R\u00e9sultats 3e \u00e9tape 2026","author":"admin3809","date":"14 d\u00e9cembre 2025","format":false,"excerpt":"","rel":"","context":"Article similaire","block_context":{"text":"Article similaire","link":""},"img":{"alt_text":"","src":"","width":0,"height":0},"classes":[]},{"id":95,"url":"https:\/\/3joursdecherbourg.fr\/?page_id=95","url_meta":{"origin":5570,"position":5},"title":"3\u00e8me \u00e9tape 2017","author":"admin3809","date":"24 d\u00e9cembre 2016","format":false,"excerpt":"Cette \u00e9tape emm\u00e8nera les coureurs jusqu'\u00e0 la C\u00f4te-des-Isles avant de revenir \u00e0 Cherbourg par La Hague. L'arriv\u00e9e, \u00e0 nouveau, aura lieu Boulevard Schuman. Outre un point chaud dans Bricquebec, le changement pour cette 38\u00e8me \u00e9dition se trouve aux abords des derniers kilom\u00e8tres. Apr\u00e8s la c\u00f4te de La Valette, \u00e0 la\u2026","rel":"","context":"Article similaire","block_context":{"text":"Article similaire","link":""},"img":{"alt_text":"","src":"https:\/\/i0.wp.com\/3joursdecherbourg.fr\/wp-content\/uploads\/2016\/12\/035-300x200.jpg?resize=350%2C200","width":350,"height":200},"classes":[]}],"jetpack_likes_enabled":false,"jetpack_sharing_enabled":true,"_links":{"self":[{"href":"https:\/\/3joursdecherbourg.fr\/index.php?rest_route=\/wp\/v2\/pages\/5570","targetHints":{"allow":["GET"]}}],"collection":[{"href":"https:\/\/3joursdecherbourg.fr\/index.php?rest_route=\/wp\/v2\/pages"}],"about":[{"href":"https:\/\/3joursdecherbourg.fr\/index.php?rest_route=\/wp\/v2\/types\/page"}],"author":[{"embeddable":true,"href":"https:\/\/3joursdecherbourg.fr\/index.php?rest_route=\/wp\/v2\/users\/1"}],"replies":[{"embeddable":true,"href":"https:\/\/3joursdecherbourg.fr\/index.php?rest_route=%2Fwp%2Fv2%2Fcomments&post=5570"}],"version-history":[{"count":1,"href":"https:\/\/3joursdecherbourg.fr\/index.php?rest_route=\/wp\/v2\/pages\/5570\/revisions"}],"predecessor-version":[{"id":5578,"href":"https:\/\/3joursdecherbourg.fr\/index.php?rest_route=\/wp\/v2\/pages\/5570\/revisions\/5578"}],"wp:attachment":[{"href":"https:\/\/3joursdecherbourg.fr\/index.php?rest_route=%2Fwp%2Fv2%2Fmedia&parent=5570"}],"curies":[{"name":"wp","href":"https:\/\/api.w.org\/{rel}","templated":true}]}}