{"id":5572,"date":"2025-12-14T01:11:53","date_gmt":"2025-12-14T00:11:53","guid":{"rendered":"https:\/\/3joursdecherbourg.fr\/?page_id=5572"},"modified":"2025-12-14T01:11:53","modified_gmt":"2025-12-14T00:11:53","slug":"etape-1-4","status":"publish","type":"page","link":"https:\/\/3joursdecherbourg.fr\/?page_id=5572","title":{"rendered":"Etape 1"},"content":{"rendered":"","protected":false},"excerpt":{"rendered":"","protected":false},"author":1,"featured_media":0,"parent":0,"menu_order":0,"comment_status":"closed","ping_status":"closed","template":"","meta":{"footnotes":""},"class_list":["post-5572","page","type-page","status-publish","hentry"],"jetpack_shortlink":"https:\/\/wp.me\/P8fpGS-1rS","jetpack-related-posts":[{"id":4676,"url":"https:\/\/3joursdecherbourg.fr\/?page_id=4676","url_meta":{"origin":5572,"position":0},"title":"Etape 1","author":"admin3809","date":"26 juillet 2024","format":false,"excerpt":"","rel":"","context":"Article similaire","block_context":{"text":"Article similaire","link":""},"img":{"alt_text":"","src":"","width":0,"height":0},"classes":[]},{"id":4215,"url":"https:\/\/3joursdecherbourg.fr\/?page_id=4215","url_meta":{"origin":5572,"position":1},"title":"Etape 1","author":"admin3809","date":"15 juillet 2023","format":false,"excerpt":"Les photos : https:\/\/drive.google.com\/drive\/folders\/1D1xcLSKqS_nmHP-oEFkG0gir0r2MkF40?usp=sharing https:\/\/youtu.be\/RfWuC_Hms0s","rel":"","context":"Article similaire","block_context":{"text":"Article similaire","link":""},"img":{"alt_text":"","src":"https:\/\/i0.wp.com\/img.youtube.com\/vi\/RfWuC_Hms0s\/0.jpg?resize=350%2C200","width":350,"height":200},"classes":[]},{"id":1581,"url":"https:\/\/3joursdecherbourg.fr\/?page_id=1581","url_meta":{"origin":5572,"position":2},"title":"2\u00e8me \u00e9tape 2019","author":"admin3809","date":"22 f\u00e9vrier 2019","format":false,"excerpt":"Une deuxi\u00e8me \u00e9tape difficile qui monte et descend sans cesse. Les bosses sont courtes, 1 \u00e0 2 km tout au plus, mais raides. C'est une \u00e9tape qui permet \u00e0 un puncheur de lever les bras rue Roger Salengro \u00e0 Octeville.","rel":"","context":"Article similaire","block_context":{"text":"Article similaire","link":""},"img":{"alt_text":"","src":"https:\/\/i0.wp.com\/3joursdecherbourg.fr\/wp-content\/uploads\/2019\/07\/DSC_2528-300x199.jpg?resize=350%2C200","width":350,"height":200},"classes":[]},{"id":2108,"url":"https:\/\/3joursdecherbourg.fr\/?page_id=2108","url_meta":{"origin":5572,"position":3},"title":"2\u00e8me \u00e9tape 2021","author":"admin3809","date":"2 d\u00e9cembre 2019","format":false,"excerpt":"Pour cette deuxi\u00e8me \u00e9tape 2021, les modifications concernent d'abord un passage pour un point chaud dans le bourg de Flamanville, une mont\u00e9e de Brix par un c\u00f4t\u00e9 diff\u00e9rent et \u00e9galement 2 tours 1\/4 d'un circuit final par la mont\u00e9e des Ragotins. LE TRAJET","rel":"","context":"Article similaire","block_context":{"text":"Article similaire","link":""},"img":{"alt_text":"","src":"https:\/\/i0.wp.com\/3joursdecherbourg.fr\/wp-content\/uploads\/2020\/02\/Catigny.jpg?resize=350%2C200&ssl=1","width":350,"height":200,"srcset":"https:\/\/i0.wp.com\/3joursdecherbourg.fr\/wp-content\/uploads\/2020\/02\/Catigny.jpg?resize=350%2C200&ssl=1 1x, https:\/\/i0.wp.com\/3joursdecherbourg.fr\/wp-content\/uploads\/2020\/02\/Catigny.jpg?resize=525%2C300&ssl=1 1.5x, https:\/\/i0.wp.com\/3joursdecherbourg.fr\/wp-content\/uploads\/2020\/02\/Catigny.jpg?resize=700%2C400&ssl=1 2x"},"classes":[]},{"id":5119,"url":"https:\/\/3joursdecherbourg.fr\/?page_id=5119","url_meta":{"origin":5572,"position":4},"title":"Photos &#038; Vid\u00e9os","author":"admin3809","date":"28 mai 2025","format":false,"excerpt":"PHOTOS ETAPE 3 : https:\/\/drive.google.com\/drive\/folders\/1xZOEkHkFmoGnjgwUkJj6ptX2sPDSmteY?usp=share_link PHOTOS ETAPE 2 : https:\/\/drive.google.com\/drive\/folders\/1VHVlsckxDBo_6xpjQMm1C-vk_NYcO54Z?usp=share_link PHOTOS ETAPE 1 : https:\/\/drive.google.com\/drive\/folders\/1Pgjtphx6-iKWeqdDYQLyF3zoTcCLFE98?usp=share_link","rel":"","context":"Article similaire","block_context":{"text":"Article similaire","link":""},"img":{"alt_text":"","src":"","width":0,"height":0},"classes":[]},{"id":5053,"url":"https:\/\/3joursdecherbourg.fr\/","url_meta":{"origin":5572,"position":5},"title":"Accueil","author":"admin3809","date":"28 mai 2025","format":false,"excerpt":"Les 3 Jours de Cherbourg-en-Cotentin reviennent en 2026\u00a0\ud83d\udeb4\u200d\u2642\ufe0f Apr\u00e8s une 45\u1d49 \u00e9dition intense et riche en \u00e9motions, l\u2019\u00e9quipe pr\u00e9pare d\u00e9j\u00e0 la prochaine \u00e9dition. Le site est actuellement en travaux\u00a0afin de vous proposer tr\u00e8s prochainement toutes les informations sur\u00a0l\u2019\u00e9dition 2026\u00a0: parcours, \u00e9quipes, animations et nouveaut\u00e9s. Merci pour votre patience et \u00e0\u2026","rel":"","context":"Article similaire","block_context":{"text":"Article similaire","link":""},"img":{"alt_text":"","src":"https:\/\/i0.wp.com\/img.youtube.com\/vi\/Q_xjKrsfql0\/0.jpg?resize=350%2C200","width":350,"height":200},"classes":[]}],"jetpack_likes_enabled":false,"jetpack_sharing_enabled":true,"_links":{"self":[{"href":"https:\/\/3joursdecherbourg.fr\/index.php?rest_route=\/wp\/v2\/pages\/5572","targetHints":{"allow":["GET"]}}],"collection":[{"href":"https:\/\/3joursdecherbourg.fr\/index.php?rest_route=\/wp\/v2\/pages"}],"about":[{"href":"https:\/\/3joursdecherbourg.fr\/index.php?rest_route=\/wp\/v2\/types\/page"}],"author":[{"embeddable":true,"href":"https:\/\/3joursdecherbourg.fr\/index.php?rest_route=\/wp\/v2\/users\/1"}],"replies":[{"embeddable":true,"href":"https:\/\/3joursdecherbourg.fr\/index.php?rest_route=%2Fwp%2Fv2%2Fcomments&post=5572"}],"version-history":[{"count":1,"href":"https:\/\/3joursdecherbourg.fr\/index.php?rest_route=\/wp\/v2\/pages\/5572\/revisions"}],"predecessor-version":[{"id":5580,"href":"https:\/\/3joursdecherbourg.fr\/index.php?rest_route=\/wp\/v2\/pages\/5572\/revisions\/5580"}],"wp:attachment":[{"href":"https:\/\/3joursdecherbourg.fr\/index.php?rest_route=%2Fwp%2Fv2%2Fmedia&parent=5572"}],"curies":[{"name":"wp","href":"https:\/\/api.w.org\/{rel}","templated":true}]}}