{"id":5574,"date":"2025-12-14T01:11:53","date_gmt":"2025-12-14T00:11:53","guid":{"rendered":"https:\/\/3joursdecherbourg.fr\/?page_id=5574"},"modified":"2025-12-14T01:11:53","modified_gmt":"2025-12-14T00:11:53","slug":"3eme-etape-4","status":"publish","type":"page","link":"https:\/\/3joursdecherbourg.fr\/?page_id=5574","title":{"rendered":"3\u00e8me \u00e9tape"},"content":{"rendered":"","protected":false},"excerpt":{"rendered":"","protected":false},"author":1,"featured_media":0,"parent":0,"menu_order":0,"comment_status":"closed","ping_status":"closed","template":"","meta":{"footnotes":""},"class_list":["post-5574","page","type-page","status-publish","hentry"],"jetpack_shortlink":"https:\/\/wp.me\/P8fpGS-1rU","jetpack-related-posts":[{"id":4712,"url":"https:\/\/3joursdecherbourg.fr\/?page_id=4712","url_meta":{"origin":5574,"position":0},"title":"3\u00e8me \u00e9tape 2024","author":"admin3809","date":"4 ao\u00fbt 2024","format":false,"excerpt":"","rel":"","context":"Article similaire","block_context":{"text":"Article similaire","link":""},"img":{"alt_text":"","src":"https:\/\/i0.wp.com\/3joursdecherbourg.fr\/wp-content\/uploads\/2024\/08\/Feuille-de-route-3-eme-etape-2024-130-simplifiee.jpg?resize=350%2C200&ssl=1","width":350,"height":200,"srcset":"https:\/\/i0.wp.com\/3joursdecherbourg.fr\/wp-content\/uploads\/2024\/08\/Feuille-de-route-3-eme-etape-2024-130-simplifiee.jpg?resize=350%2C200&ssl=1 1x, https:\/\/i0.wp.com\/3joursdecherbourg.fr\/wp-content\/uploads\/2024\/08\/Feuille-de-route-3-eme-etape-2024-130-simplifiee.jpg?resize=525%2C300&ssl=1 1.5x, https:\/\/i0.wp.com\/3joursdecherbourg.fr\/wp-content\/uploads\/2024\/08\/Feuille-de-route-3-eme-etape-2024-130-simplifiee.jpg?resize=700%2C400&ssl=1 2x, https:\/\/i0.wp.com\/3joursdecherbourg.fr\/wp-content\/uploads\/2024\/08\/Feuille-de-route-3-eme-etape-2024-130-simplifiee.jpg?resize=1050%2C600&ssl=1 3x"},"classes":[]},{"id":5083,"url":"https:\/\/3joursdecherbourg.fr\/?page_id=5083","url_meta":{"origin":5574,"position":1},"title":"3\u00e8me \u00e9tape 2025","author":"admin3809","date":"28 mai 2025","format":false,"excerpt":"https:\/\/youtu.be\/Q_xjKrsfql0 https:\/\/youtu.be\/oeIxUiGz9oA TRAC\u00c9S GPX : https:\/\/drive.google.com\/drive\/folders\/18HOh64HG5j7vGjt3lpY5BieSabbufVwx?usp=share_link","rel":"","context":"Article similaire","block_context":{"text":"Article similaire","link":""},"img":{"alt_text":"","src":"https:\/\/i0.wp.com\/img.youtube.com\/vi\/Q_xjKrsfql0\/0.jpg?resize=350%2C200","width":350,"height":200},"classes":[]},{"id":136,"url":"https:\/\/3joursdecherbourg.fr\/?page_id=136","url_meta":{"origin":5574,"position":2},"title":"Les r\u00e9sultats 2017","author":"admin3809","date":"25 d\u00e9cembre 2016","format":false,"excerpt":"Classements 1\u00e8re \u00e9tape: Etape Grimpeurs Points Equipe Classements 2\u00e8me \u00e9tape: Etape Grimpeurs Points Equipe G\u00e9n\u00e9ral apr\u00e8s la 2\u00e8me \u00e9tape: Etapes Grimpeurs Points Equipe Classements 3\u00e8me \u00e9tape: Etape Grimpeurs Points Equipe G\u00e9n\u00e9ral apr\u00e8s la 3\u00e8me \u00e9tape, classement final: Etapes Grimpeurs Points Equipe \u00a0 \u00a0","rel":"","context":"Article similaire","block_context":{"text":"Article similaire","link":""},"img":{"alt_text":"","src":"","width":0,"height":0},"classes":[]},{"id":923,"url":"https:\/\/3joursdecherbourg.fr\/?page_id=923","url_meta":{"origin":5574,"position":3},"title":"3\u00e8me \u00e9tape 2018","author":"admin3809","date":"3 janvier 2018","format":false,"excerpt":"L'\u00e9tape, modifi\u00e9e l'an dernier avec la mont\u00e9 des Aiguillons \u00e0 l'approche de l'arriv\u00e9e, est inchang\u00e9e cette ann\u00e9e. \u00a0 \u00a0 Nota: sous r\u00e9serve de validation par les autorit\u00e9s comp\u00e9tentes \u00a0 \u00a0","rel":"","context":"Article similaire","block_context":{"text":"Article similaire","link":""},"img":{"alt_text":"","src":"https:\/\/i0.wp.com\/3joursdecherbourg.fr\/wp-content\/uploads\/2018\/05\/EFC-Vulsteke-1024x382.jpg?resize=350%2C200","width":350,"height":200,"srcset":"https:\/\/i0.wp.com\/3joursdecherbourg.fr\/wp-content\/uploads\/2018\/05\/EFC-Vulsteke-1024x382.jpg?resize=350%2C200 1x, https:\/\/i0.wp.com\/3joursdecherbourg.fr\/wp-content\/uploads\/2018\/05\/EFC-Vulsteke-1024x382.jpg?resize=525%2C300 1.5x"},"classes":[]},{"id":1583,"url":"https:\/\/3joursdecherbourg.fr\/?page_id=1583","url_meta":{"origin":5574,"position":4},"title":"3\u00e8me \u00e9tape 2019","author":"admin3809","date":"22 f\u00e9vrier 2019","format":false,"excerpt":"Une troisi\u00e8me \u00e9tape qui se lance sans difficult\u00e9s majeures, de Bricquebec \u00e0 Saint-Sauveur-le-Vicomte, qui va fl\u00e2ner vers la c\u00f4te de Portbail \u00e0 Barneville-Carteret avant de revenir vers Les Pieux. Une premi\u00e8re partie \"bucolique\", sauf si le vent s'en m\u00eale! Le retour par La Hague, \u00e0 partir de Di\u00e9lette, est plus\u2026","rel":"","context":"Article similaire","block_context":{"text":"Article similaire","link":""},"img":{"alt_text":"","src":"https:\/\/i0.wp.com\/3joursdecherbourg.fr\/wp-content\/uploads\/2019\/07\/DSC_2698-300x199.jpg?resize=350%2C200","width":350,"height":200},"classes":[]},{"id":4082,"url":"https:\/\/3joursdecherbourg.fr\/?page_id=4082","url_meta":{"origin":5574,"position":5},"title":"3\u00e8me \u00e9tape 2023","author":"admin3809","date":"8 mars 2023","format":false,"excerpt":"https:\/\/youtu.be\/Nuf4wFHQGzo?si=UzCBJEKj6Y2anvtP https:\/\/www.calculitineraires.fr\/index.php?id=1373083#mapl Une \u00e9tape peu modifi\u00e9e, mais raccourcie en derni\u00e8re minute du fait de travaux routiers. Un passage par Surtainville et la mont\u00e9e du \"Pou\", un petit \"coup de cul\" pas tr\u00e8s long, 500m, mais avec un passage \u00e0 16%. En fin de parcours, la mont\u00e9e des Hautes Terres, qui\u2026","rel":"","context":"Article similaire","block_context":{"text":"Article similaire","link":""},"img":{"alt_text":"","src":"https:\/\/i0.wp.com\/img.youtube.com\/vi\/Nuf4wFHQGzo\/0.jpg?resize=350%2C200","width":350,"height":200},"classes":[]}],"jetpack_likes_enabled":false,"jetpack_sharing_enabled":true,"_links":{"self":[{"href":"https:\/\/3joursdecherbourg.fr\/index.php?rest_route=\/wp\/v2\/pages\/5574","targetHints":{"allow":["GET"]}}],"collection":[{"href":"https:\/\/3joursdecherbourg.fr\/index.php?rest_route=\/wp\/v2\/pages"}],"about":[{"href":"https:\/\/3joursdecherbourg.fr\/index.php?rest_route=\/wp\/v2\/types\/page"}],"author":[{"embeddable":true,"href":"https:\/\/3joursdecherbourg.fr\/index.php?rest_route=\/wp\/v2\/users\/1"}],"replies":[{"embeddable":true,"href":"https:\/\/3joursdecherbourg.fr\/index.php?rest_route=%2Fwp%2Fv2%2Fcomments&post=5574"}],"version-history":[{"count":1,"href":"https:\/\/3joursdecherbourg.fr\/index.php?rest_route=\/wp\/v2\/pages\/5574\/revisions"}],"predecessor-version":[{"id":5582,"href":"https:\/\/3joursdecherbourg.fr\/index.php?rest_route=\/wp\/v2\/pages\/5574\/revisions\/5582"}],"wp:attachment":[{"href":"https:\/\/3joursdecherbourg.fr\/index.php?rest_route=%2Fwp%2Fv2%2Fmedia&parent=5574"}],"curies":[{"name":"wp","href":"https:\/\/api.w.org\/{rel}","templated":true}]}}