{"id":5594,"date":"2025-12-14T01:14:22","date_gmt":"2025-12-14T00:14:22","guid":{"rendered":"https:\/\/3joursdecherbourg.fr\/?page_id=5594"},"modified":"2025-12-14T01:14:22","modified_gmt":"2025-12-14T00:14:22","slug":"livre-de-route","status":"publish","type":"page","link":"https:\/\/3joursdecherbourg.fr\/?page_id=5594","title":{"rendered":"Livre de route"},"content":{"rendered":"","protected":false},"excerpt":{"rendered":"","protected":false},"author":1,"featured_media":0,"parent":0,"menu_order":0,"comment_status":"closed","ping_status":"closed","template":"","meta":{"footnotes":""},"class_list":["post-5594","page","type-page","status-publish","hentry"],"jetpack_shortlink":"https:\/\/wp.me\/P8fpGS-1se","jetpack-related-posts":[{"id":5110,"url":"https:\/\/3joursdecherbourg.fr\/?page_id=5110","url_meta":{"origin":5594,"position":0},"title":"Livre de Route","author":"admin3809","date":"28 mai 2025","format":false,"excerpt":"A t\u00e9l\u00e9charger ici TRAC\u00c9S GPX : https:\/\/drive.google.com\/drive\/folders\/18HOh64HG5j7vGjt3lpY5BieSabbufVwx?usp=share_link","rel":"","context":"Article similaire","block_context":{"text":"Article similaire","link":""},"img":{"alt_text":"","src":"","width":0,"height":0},"classes":[]},{"id":3090,"url":"https:\/\/3joursdecherbourg.fr\/?page_id=3090","url_meta":{"origin":5594,"position":1},"title":"3\u00e8me \u00e9tape 2022","author":"admin3809","date":"11 avril 2022","format":false,"excerpt":"Tourlaville --> Cherbourg (145.33km) Le parcours interactif: https:\/\/www.relive.cc\/view\/vLqekLDDYdO\/explore Le circuit sur \"Calcul itin\u00e9raires\": https:\/\/www.calculitineraires.fr\/index.php?id=1264009#map https:\/\/youtu.be\/UKYpCs1gZUY L\u00e9g\u00e8rement raccourcie, 145 km quand m\u00eame, l'\u00e9tape nous emm\u00e8nera d'abord vers Sottevast et son Point Chaud puis une route vers Breuville pas facile du tout. La remont\u00e9e de La Hague apr\u00e8s Barneville-Carteret (sans Le Pou\u2026","rel":"","context":"Article similaire","block_context":{"text":"Article similaire","link":""},"img":{"alt_text":"","src":"https:\/\/i0.wp.com\/3joursdecherbourg.fr\/wp-content\/uploads\/2022\/04\/DSC_3173-1024x681.jpg?resize=350%2C200&ssl=1","width":350,"height":200,"srcset":"https:\/\/i0.wp.com\/3joursdecherbourg.fr\/wp-content\/uploads\/2022\/04\/DSC_3173-1024x681.jpg?resize=350%2C200&ssl=1 1x, https:\/\/i0.wp.com\/3joursdecherbourg.fr\/wp-content\/uploads\/2022\/04\/DSC_3173-1024x681.jpg?resize=525%2C300&ssl=1 1.5x"},"classes":[]},{"id":2110,"url":"https:\/\/3joursdecherbourg.fr\/?page_id=2110","url_meta":{"origin":5594,"position":2},"title":"3\u00e8me \u00e9tape 2021","author":"admin3809","date":"2 d\u00e9cembre 2019","format":false,"excerpt":"Cette derni\u00e8re \u00e9tape sacrera sans nul doute un grand champion au sommet de la Montagne du Roule. C'est en effet l\u00e0 que se terminera cette \u00e9dition 2021 apr\u00e8s une \u00e9tape particuli\u00e8rement difficile. Le d\u00e9part sera donn\u00e9 \u00e0 la sortie de Tourlaville en haut de la c\u00f4te de Br\u00e9qu\u00e9cal qui constituera\u2026","rel":"","context":"Article similaire","block_context":{"text":"Article similaire","link":""},"img":{"alt_text":"","src":"https:\/\/i0.wp.com\/3joursdecherbourg.fr\/wp-content\/uploads\/2020\/02\/Sciotot.jpg?resize=350%2C200&ssl=1","width":350,"height":200,"srcset":"https:\/\/i0.wp.com\/3joursdecherbourg.fr\/wp-content\/uploads\/2020\/02\/Sciotot.jpg?resize=350%2C200&ssl=1 1x, https:\/\/i0.wp.com\/3joursdecherbourg.fr\/wp-content\/uploads\/2020\/02\/Sciotot.jpg?resize=525%2C300&ssl=1 1.5x"},"classes":[]},{"id":94,"url":"https:\/\/3joursdecherbourg.fr\/?page_id=94","url_meta":{"origin":5594,"position":3},"title":"2\u00e8me \u00e9tape 2017","author":"admin3809","date":"24 d\u00e9cembre 2016","format":false,"excerpt":"Fini l'\u00e9tape courte du samedi matin, retour \u00e0 une seule \u00e9tape le samedi apr\u00e8s-midi. Et quelle \u00e9tape! Au d\u00e9part de Querqueville, les coureurs, habitu\u00e9s \u00e0 La Hague, d\u00e9couvriront dans l'autre sens Landemer, Port Racine, Auderville, Herquet\u00f4t, Siouville. Puis apr\u00e8s les bosses de la route de Surtainville, ils retrouveront la c\u00f4te\u2026","rel":"","context":"Article similaire","block_context":{"text":"Article similaire","link":""},"img":{"alt_text":"","src":"https:\/\/i0.wp.com\/3joursdecherbourg.fr\/wp-content\/uploads\/2016\/12\/etape-2-3-j-dch2014-265-3000x2000-300x200.jpg?resize=350%2C200","width":350,"height":200},"classes":[]},{"id":3144,"url":"https:\/\/3joursdecherbourg.fr\/?page_id=3144","url_meta":{"origin":5594,"position":4},"title":"2\u00e8me \u00e9tape 2022","author":"admin3809","date":"20 avril 2022","format":false,"excerpt":"Querqueville --> Octeville (163.21km) La parcours interactif: https:\/\/www.relive.cc\/view\/vYvrL3Vx3x6\/exploreLe circuit sur \u00ab\u00a0Calcul itin\u00e9raires\u00a0\u00bb: https:\/\/www.calculitineraires.fr\/index.php?id=1208749#map https:\/\/youtu.be\/t2VZTzWXPI4 Etape semblable \u00e0 2021, mais avec quelques am\u00e9nagements: Plus de passage par le bourg de Flamanville, nous filerons directement de Di\u00e8lette jusqu'aux Pieux. Ensuite, apr\u00e8s Bricquebec et sa c\u00f4te de Catigny, la difficult\u00e9 suivante de Brix\u2026","rel":"","context":"Article similaire","block_context":{"text":"Article similaire","link":""},"img":{"alt_text":"","src":"https:\/\/i0.wp.com\/3joursdecherbourg.fr\/wp-content\/uploads\/2022\/04\/DSC_7777-1024x683.jpg?resize=350%2C200&ssl=1","width":350,"height":200,"srcset":"https:\/\/i0.wp.com\/3joursdecherbourg.fr\/wp-content\/uploads\/2022\/04\/DSC_7777-1024x683.jpg?resize=350%2C200&ssl=1 1x, https:\/\/i0.wp.com\/3joursdecherbourg.fr\/wp-content\/uploads\/2022\/04\/DSC_7777-1024x683.jpg?resize=525%2C300&ssl=1 1.5x"},"classes":[]},{"id":3086,"url":"https:\/\/3joursdecherbourg.fr\/?page_id=3086","url_meta":{"origin":5594,"position":5},"title":"1\u00e8re \u00e9tape 2022","author":"admin3809","date":"11 avril 2022","format":false,"excerpt":"Bretteville-en-saire --> Port-Bail-sur-Mer (146.22km) La parcours interactif: https:\/\/www.relive.cc\/view\/vevYoJQndJ6\/explore Le circuit sur \u00ab\u00a0Calcul itin\u00e9raires\u00a0\u00bb : https:\/\/www.calculitineraires.fr\/index.php?id=1200864#map https:\/\/youtu.be\/T1dh5fwO-X4 Cette premi\u00e8re \u00e9tape 2022 est la reconduction de l'an pass\u00e9. Les coureurs semblent l'avoir particuli\u00e8rement appr\u00e9ci\u00e9e pour son profil vari\u00e9 et rapide. Son arriv\u00e9e sera \u00e0 nouveau jug\u00e9e \u00e0 Port-Bail-sur-Mer, qui nous a accueillis\u2026","rel":"","context":"Article similaire","block_context":{"text":"Article similaire","link":""},"img":{"alt_text":"","src":"https:\/\/i0.wp.com\/3joursdecherbourg.fr\/wp-content\/uploads\/2022\/04\/DSC_3033-1024x681.jpg?resize=350%2C200&ssl=1","width":350,"height":200,"srcset":"https:\/\/i0.wp.com\/3joursdecherbourg.fr\/wp-content\/uploads\/2022\/04\/DSC_3033-1024x681.jpg?resize=350%2C200&ssl=1 1x, https:\/\/i0.wp.com\/3joursdecherbourg.fr\/wp-content\/uploads\/2022\/04\/DSC_3033-1024x681.jpg?resize=525%2C300&ssl=1 1.5x"},"classes":[]}],"jetpack_likes_enabled":false,"jetpack_sharing_enabled":true,"_links":{"self":[{"href":"https:\/\/3joursdecherbourg.fr\/index.php?rest_route=\/wp\/v2\/pages\/5594","targetHints":{"allow":["GET"]}}],"collection":[{"href":"https:\/\/3joursdecherbourg.fr\/index.php?rest_route=\/wp\/v2\/pages"}],"about":[{"href":"https:\/\/3joursdecherbourg.fr\/index.php?rest_route=\/wp\/v2\/types\/page"}],"author":[{"embeddable":true,"href":"https:\/\/3joursdecherbourg.fr\/index.php?rest_route=\/wp\/v2\/users\/1"}],"replies":[{"embeddable":true,"href":"https:\/\/3joursdecherbourg.fr\/index.php?rest_route=%2Fwp%2Fv2%2Fcomments&post=5594"}],"version-history":[{"count":1,"href":"https:\/\/3joursdecherbourg.fr\/index.php?rest_route=\/wp\/v2\/pages\/5594\/revisions"}],"predecessor-version":[{"id":5601,"href":"https:\/\/3joursdecherbourg.fr\/index.php?rest_route=\/wp\/v2\/pages\/5594\/revisions\/5601"}],"wp:attachment":[{"href":"https:\/\/3joursdecherbourg.fr\/index.php?rest_route=%2Fwp%2Fv2%2Fmedia&parent=5594"}],"curies":[{"name":"wp","href":"https:\/\/api.w.org\/{rel}","templated":true}]}}