{"id":5595,"date":"2025-12-14T01:14:22","date_gmt":"2025-12-14T00:14:22","guid":{"rendered":"https:\/\/3joursdecherbourg.fr\/?page_id=5595"},"modified":"2025-12-14T01:14:22","modified_gmt":"2025-12-14T00:14:22","slug":"equipes","status":"publish","type":"page","link":"https:\/\/3joursdecherbourg.fr\/?page_id=5595","title":{"rendered":"\u00c9quipes"},"content":{"rendered":"","protected":false},"excerpt":{"rendered":"","protected":false},"author":1,"featured_media":0,"parent":0,"menu_order":0,"comment_status":"closed","ping_status":"closed","template":"","meta":{"footnotes":""},"class_list":["post-5595","page","type-page","status-publish","hentry"],"jetpack_shortlink":"https:\/\/wp.me\/P8fpGS-1sf","jetpack-related-posts":[{"id":936,"url":"https:\/\/3joursdecherbourg.fr\/?page_id=936","url_meta":{"origin":5595,"position":0},"title":"Les \u00e9quipes 2018","author":"admin3809","date":"3 janvier 2018","format":false,"excerpt":"Liste des \u00e9quipes retenues pour l'\u00e9dition 2018 des \"3 jours de Cherbourg\". 3 \u00e9quipes \u00e9trang\u00e8res 9 \u00e9quipes DN1 9 \u00e9quipes DN2 2 \u00e9quipes DN3 1 \u00e9quipe r\u00e9gionale 1 \u00e9quipe mixte Chaque \u00e9quipe retiendra cinq coureurs pour le d\u00e9part de l'\u00e9preuve. [table id=9 \/][table id=10 \/][table id=11 \/][table id=12 \/][table id=13\u2026","rel":"","context":"Article similaire","block_context":{"text":"Article similaire","link":""},"img":{"alt_text":"","src":"","width":0,"height":0},"classes":[]},{"id":2164,"url":"https:\/\/3joursdecherbourg.fr\/?page_id=2164","url_meta":{"origin":5595,"position":1},"title":"Les \u00e9quipes 2020","author":"admin3809","date":"21 f\u00e9vrier 2020","format":false,"excerpt":"Liste des \u00e9quipes qui ont postul\u00e9 pour l'\u00e9dition 2020. La s\u00e9lection des \u00e9quipes retenues sera effectu\u00e9e avant fin avril.","rel":"","context":"Article similaire","block_context":{"text":"Article similaire","link":""},"img":{"alt_text":"","src":"","width":0,"height":0},"classes":[]},{"id":3094,"url":"https:\/\/3joursdecherbourg.fr\/?page_id=3094","url_meta":{"origin":5595,"position":2},"title":"Les \u00e9quipes 2022","author":"admin3809","date":"11 avril 2022","format":false,"excerpt":"Liste des \u00e9quipes N1, auxquelles nous avons souhait\u00e9 ajouter une \u00e9quipe invit\u00e9e, la s\u00e9lection Normandie, soit 28 \u00e9quipes de 6 coureurs au d\u00e9part de l'\u00e9preuve. https:\/\/youtu.be\/ZSkgPJ_bO9g","rel":"","context":"Article similaire","block_context":{"text":"Article similaire","link":""},"img":{"alt_text":"","src":"https:\/\/i0.wp.com\/3joursdecherbourg.fr\/wp-content\/uploads\/2022\/04\/telechargement-2.png?resize=350%2C200&ssl=1","width":350,"height":200},"classes":[]},{"id":2294,"url":"https:\/\/3joursdecherbourg.fr\/?page_id=2294","url_meta":{"origin":5595,"position":3},"title":"Les \u00e9quipes 2021","author":"admin3809","date":"24 d\u00e9cembre 2020","format":false,"excerpt":"41 \u00e9quipes ont postul\u00e9 pour cette \u00e9dition 2021 des \"3 jours de Cherbourg en Cotentin\". Quelques unes se\u00a0 sont ensuite d\u00e9sist\u00e9es. Nous avons d\u00e9cid\u00e9, apr\u00e8s concertation avec la ville de Cherbourg-en-Cotentin, partenaire principal de l'\u00e9preuve, de retenir ces candidatures dans l'optique d'une course du plus haut niveau, apr\u00e8s une ann\u00e9e\u2026","rel":"","context":"Article similaire","block_context":{"text":"Article similaire","link":""},"img":{"alt_text":"","src":"","width":0,"height":0},"classes":[]},{"id":1587,"url":"https:\/\/3joursdecherbourg.fr\/?page_id=1587","url_meta":{"origin":5595,"position":4},"title":"Les \u00e9quipes 2019","author":"admin3809","date":"22 f\u00e9vrier 2019","format":false,"excerpt":"","rel":"","context":"Article similaire","block_context":{"text":"Article similaire","link":""},"img":{"alt_text":"","src":"","width":0,"height":0},"classes":[]},{"id":5080,"url":"https:\/\/3joursdecherbourg.fr\/?page_id=5080","url_meta":{"origin":5595,"position":5},"title":"Les \u00e9quipes 2025","author":"admin3809","date":"28 mai 2025","format":false,"excerpt":"","rel":"","context":"Article similaire","block_context":{"text":"Article similaire","link":""},"img":{"alt_text":"","src":"","width":0,"height":0},"classes":[]}],"jetpack_likes_enabled":false,"jetpack_sharing_enabled":true,"_links":{"self":[{"href":"https:\/\/3joursdecherbourg.fr\/index.php?rest_route=\/wp\/v2\/pages\/5595","targetHints":{"allow":["GET"]}}],"collection":[{"href":"https:\/\/3joursdecherbourg.fr\/index.php?rest_route=\/wp\/v2\/pages"}],"about":[{"href":"https:\/\/3joursdecherbourg.fr\/index.php?rest_route=\/wp\/v2\/types\/page"}],"author":[{"embeddable":true,"href":"https:\/\/3joursdecherbourg.fr\/index.php?rest_route=\/wp\/v2\/users\/1"}],"replies":[{"embeddable":true,"href":"https:\/\/3joursdecherbourg.fr\/index.php?rest_route=%2Fwp%2Fv2%2Fcomments&post=5595"}],"version-history":[{"count":1,"href":"https:\/\/3joursdecherbourg.fr\/index.php?rest_route=\/wp\/v2\/pages\/5595\/revisions"}],"predecessor-version":[{"id":5602,"href":"https:\/\/3joursdecherbourg.fr\/index.php?rest_route=\/wp\/v2\/pages\/5595\/revisions\/5602"}],"wp:attachment":[{"href":"https:\/\/3joursdecherbourg.fr\/index.php?rest_route=%2Fwp%2Fv2%2Fmedia&parent=5595"}],"curies":[{"name":"wp","href":"https:\/\/api.w.org\/{rel}","templated":true}]}}