{"id":93,"date":"2016-12-24T18:26:09","date_gmt":"2016-12-24T17:26:09","guid":{"rendered":"http:\/\/3joursdecherbourg.fr\/?page_id=93"},"modified":"2018-01-03T11:56:50","modified_gmt":"2018-01-03T10:56:50","slug":"1ere-etape","status":"publish","type":"page","link":"https:\/\/3joursdecherbourg.fr\/?page_id=93","title":{"rendered":"1\u00e8re \u00e9tape 2017"},"content":{"rendered":"<p style=\"text-align: right;\"><a href=\"https:\/\/i0.wp.com\/3joursdecherbourg.fr\/wp-content\/uploads\/2016\/12\/3-jours-de-cherbourg-2014-361-52.jpg?ssl=1\"><img data-recalc-dims=\"1\" loading=\"lazy\" decoding=\"async\" data-attachment-id=\"159\" data-permalink=\"https:\/\/3joursdecherbourg.fr\/?attachment_id=159\" data-orig-file=\"https:\/\/i0.wp.com\/3joursdecherbourg.fr\/wp-content\/uploads\/2016\/12\/3-jours-de-cherbourg-2014-361-52.jpg?fit=3888%2C2592&amp;ssl=1\" data-orig-size=\"3888,2592\" data-comments-opened=\"1\" data-image-meta=\"{&quot;aperture&quot;:&quot;5&quot;,&quot;credit&quot;:&quot;&quot;,&quot;camera&quot;:&quot;Canon EOS-1D Mark III&quot;,&quot;caption&quot;:&quot;&quot;,&quot;created_timestamp&quot;:&quot;1409924396&quot;,&quot;copyright&quot;:&quot;&quot;,&quot;focal_length&quot;:&quot;24&quot;,&quot;iso&quot;:&quot;640&quot;,&quot;shutter_speed&quot;:&quot;0.00025&quot;,&quot;title&quot;:&quot;&quot;,&quot;orientation&quot;:&quot;1&quot;}\" data-image-title=\"3 jours de cherbourg 2014 361 (52)\" data-image-description=\"\" data-image-caption=\"\" data-medium-file=\"https:\/\/i0.wp.com\/3joursdecherbourg.fr\/wp-content\/uploads\/2016\/12\/3-jours-de-cherbourg-2014-361-52.jpg?fit=300%2C200&amp;ssl=1\" data-large-file=\"https:\/\/i0.wp.com\/3joursdecherbourg.fr\/wp-content\/uploads\/2016\/12\/3-jours-de-cherbourg-2014-361-52.jpg?fit=640%2C427&amp;ssl=1\" class=\"alignleft wp-image-159 size-medium\" src=\"https:\/\/i0.wp.com\/3joursdecherbourg.fr\/wp-content\/uploads\/2016\/12\/3-jours-de-cherbourg-2014-361-52.jpg?resize=300%2C200&#038;ssl=1\" width=\"300\" height=\"200\" srcset=\"https:\/\/i0.wp.com\/3joursdecherbourg.fr\/wp-content\/uploads\/2016\/12\/3-jours-de-cherbourg-2014-361-52.jpg?resize=300%2C200&amp;ssl=1 300w, https:\/\/i0.wp.com\/3joursdecherbourg.fr\/wp-content\/uploads\/2016\/12\/3-jours-de-cherbourg-2014-361-52.jpg?resize=768%2C512&amp;ssl=1 768w, https:\/\/i0.wp.com\/3joursdecherbourg.fr\/wp-content\/uploads\/2016\/12\/3-jours-de-cherbourg-2014-361-52.jpg?resize=1024%2C683&amp;ssl=1 1024w, https:\/\/i0.wp.com\/3joursdecherbourg.fr\/wp-content\/uploads\/2016\/12\/3-jours-de-cherbourg-2014-361-52.jpg?resize=830%2C553&amp;ssl=1 830w, https:\/\/i0.wp.com\/3joursdecherbourg.fr\/wp-content\/uploads\/2016\/12\/3-jours-de-cherbourg-2014-361-52.jpg?resize=230%2C153&amp;ssl=1 230w, https:\/\/i0.wp.com\/3joursdecherbourg.fr\/wp-content\/uploads\/2016\/12\/3-jours-de-cherbourg-2014-361-52.jpg?resize=350%2C233&amp;ssl=1 350w, https:\/\/i0.wp.com\/3joursdecherbourg.fr\/wp-content\/uploads\/2016\/12\/3-jours-de-cherbourg-2014-361-52.jpg?resize=480%2C320&amp;ssl=1 480w, https:\/\/i0.wp.com\/3joursdecherbourg.fr\/wp-content\/uploads\/2016\/12\/3-jours-de-cherbourg-2014-361-52.jpg?w=1280&amp;ssl=1 1280w, https:\/\/i0.wp.com\/3joursdecherbourg.fr\/wp-content\/uploads\/2016\/12\/3-jours-de-cherbourg-2014-361-52.jpg?w=1920&amp;ssl=1 1920w\" sizes=\"auto, (max-width: 300px) 100vw, 300px\" \/><\/a>La traditionnelle \u00e9tape du <strong>Val-de-Saire<\/strong> garde sa configuration \u00e9trenn\u00e9e l&rsquo;an dernier. Un trac\u00e9 champ\u00eatre qui marie la beaut\u00e9 de la c\u00f4te Est du Cotentin avec les verts p\u00e2turages du bocage Normand. Mais les coureurs sont rappel\u00e9s \u00e0 la r\u00e9alit\u00e9 de la course par les c\u00f4tes de la Pernelle et du Vast, si souvent d\u00e9cisives. Et cette fois encore, ce sera peut-\u00eatre l&rsquo;ascension mythique de la Montagne du Roule qui fera la diff\u00e9rence ultime.<\/p>\n<p style=\"text-align: right;\"><a href=\"https:\/\/3joursdecherbourg.fr\/wp-content\/uploads\/2016\/12\/1\u00e8re-\u00e9tape-2017.pdf\">Fiche Technique<\/a><\/p>\n<p style=\"text-align: right;\"><a href=\"http:\/\/www.calculitineraires.fr\/serviceweb\/carteweb-topo.php?id=680226&amp;zoom=11&amp;type=G_PHYSICAL_MAP&amp;color=FF0000&quot; style=&quot;border:0; border-style:none; overflow:hidden;&quot; type=&quot;text\/html&quot;&gt;&lt;\/iframe&gt;\">Le parcours<\/a><\/p>\n<p style=\"text-align: left;\">Nota: parcours publi\u00e9 sous r\u00e9serve de validation.<\/p>\n<p><a href=\"https:\/\/i0.wp.com\/3joursdecherbourg.fr\/wp-content\/uploads\/2016\/12\/1%C3%A8re-%C3%A9tape-1.jpg?ssl=1\"><img data-recalc-dims=\"1\" loading=\"lazy\" decoding=\"async\" data-attachment-id=\"449\" data-permalink=\"https:\/\/3joursdecherbourg.fr\/?attachment_id=449\" data-orig-file=\"https:\/\/i0.wp.com\/3joursdecherbourg.fr\/wp-content\/uploads\/2016\/12\/1%C3%A8re-%C3%A9tape-1.jpg?fit=1476%2C1011&amp;ssl=1\" data-orig-size=\"1476,1011\" data-comments-opened=\"1\" data-image-meta=\"{&quot;aperture&quot;:&quot;0&quot;,&quot;credit&quot;:&quot;&quot;,&quot;camera&quot;:&quot;&quot;,&quot;caption&quot;:&quot;&quot;,&quot;created_timestamp&quot;:&quot;0&quot;,&quot;copyright&quot;:&quot;&quot;,&quot;focal_length&quot;:&quot;0&quot;,&quot;iso&quot;:&quot;0&quot;,&quot;shutter_speed&quot;:&quot;0&quot;,&quot;title&quot;:&quot;&quot;,&quot;orientation&quot;:&quot;0&quot;}\" data-image-title=\"Le parcours\" data-image-description=\"\" data-image-caption=\"\" data-medium-file=\"https:\/\/i0.wp.com\/3joursdecherbourg.fr\/wp-content\/uploads\/2016\/12\/1%C3%A8re-%C3%A9tape-1.jpg?fit=300%2C205&amp;ssl=1\" data-large-file=\"https:\/\/i0.wp.com\/3joursdecherbourg.fr\/wp-content\/uploads\/2016\/12\/1%C3%A8re-%C3%A9tape-1.jpg?fit=640%2C438&amp;ssl=1\" class=\"alignright size-large wp-image-449\" src=\"https:\/\/i0.wp.com\/3joursdecherbourg.fr\/wp-content\/uploads\/2016\/12\/1%C3%A8re-%C3%A9tape-1.jpg?resize=640%2C438&#038;ssl=1\" alt=\"\" width=\"640\" height=\"438\" srcset=\"https:\/\/i0.wp.com\/3joursdecherbourg.fr\/wp-content\/uploads\/2016\/12\/1%C3%A8re-%C3%A9tape-1.jpg?resize=1024%2C701&amp;ssl=1 1024w, https:\/\/i0.wp.com\/3joursdecherbourg.fr\/wp-content\/uploads\/2016\/12\/1%C3%A8re-%C3%A9tape-1.jpg?resize=300%2C205&amp;ssl=1 300w, https:\/\/i0.wp.com\/3joursdecherbourg.fr\/wp-content\/uploads\/2016\/12\/1%C3%A8re-%C3%A9tape-1.jpg?resize=768%2C526&amp;ssl=1 768w, https:\/\/i0.wp.com\/3joursdecherbourg.fr\/wp-content\/uploads\/2016\/12\/1%C3%A8re-%C3%A9tape-1.jpg?w=1476&amp;ssl=1 1476w, https:\/\/i0.wp.com\/3joursdecherbourg.fr\/wp-content\/uploads\/2016\/12\/1%C3%A8re-%C3%A9tape-1.jpg?w=1280&amp;ssl=1 1280w\" sizes=\"auto, (max-width: 640px) 100vw, 640px\" \/><\/a><\/p>\n","protected":false},"excerpt":{"rendered":"<p>La traditionnelle \u00e9tape du Val-de-Saire garde sa configuration \u00e9trenn\u00e9e l&rsquo;an dernier. Un trac\u00e9 champ\u00eatre qui marie la beaut\u00e9 de la c\u00f4te Est du Cotentin avec les verts p\u00e2turages du bocage Normand. Mais les coureurs sont rappel\u00e9s \u00e0 la r\u00e9alit\u00e9 de &hellip; <a href=\"https:\/\/3joursdecherbourg.fr\/?page_id=93\">Continuer la lecture <span class=\"meta-nav\">&rarr;<\/span><\/a><\/p>\n","protected":false},"author":1,"featured_media":0,"parent":0,"menu_order":0,"comment_status":"closed","ping_status":"closed","template":"","meta":{"footnotes":""},"class_list":["post-93","page","type-page","status-publish","hentry"],"jetpack_shortlink":"https:\/\/wp.me\/P8fpGS-1v","jetpack-related-posts":[{"id":927,"url":"https:\/\/3joursdecherbourg.fr\/?page_id=927","url_meta":{"origin":93,"position":0},"title":"Les r\u00e9sultats 2018","author":"admin3809","date":"3 janvier 2018","format":false,"excerpt":"Une troisi\u00e8me \u00e9tape au m\u00eame rythme que les deux autres: effr\u00e9n\u00e9! Des attaques sans cesse, des \u00e9chapp\u00e9es qui ne peuvent prendre du champ, et comme pr\u00e9vu, les derni\u00e8res bosses qui font la diff\u00e9rence. Et c'est Matthieu Burgaudeau, Vend\u00e9e U, qui rafle la mise \u00e0 l'arriv\u00e9e. Au g\u00e9n\u00e9ral, c'est un Cherbourg\u2026","rel":"","context":"Article similaire","block_context":{"text":"Article similaire","link":""},"img":{"alt_text":"","src":"https:\/\/i0.wp.com\/3joursdecherbourg.fr\/wp-content\/uploads\/2018\/09\/DSC_2702.jpg?resize=350%2C200","width":350,"height":200,"srcset":"https:\/\/i0.wp.com\/3joursdecherbourg.fr\/wp-content\/uploads\/2018\/09\/DSC_2702.jpg?resize=350%2C200 1x, https:\/\/i0.wp.com\/3joursdecherbourg.fr\/wp-content\/uploads\/2018\/09\/DSC_2702.jpg?resize=525%2C300 1.5x, https:\/\/i0.wp.com\/3joursdecherbourg.fr\/wp-content\/uploads\/2018\/09\/DSC_2702.jpg?resize=700%2C400 2x, https:\/\/i0.wp.com\/3joursdecherbourg.fr\/wp-content\/uploads\/2018\/09\/DSC_2702.jpg?resize=1050%2C600 3x"},"classes":[]},{"id":2898,"url":"https:\/\/3joursdecherbourg.fr\/?page_id=2898","url_meta":{"origin":93,"position":1},"title":"Les r\u00e9sultats 2021","author":"admin3809","date":"3 septembre 2021","format":false,"excerpt":"\u00a0 3\u00e8me \u00e9tape:\u00a0 Un sc\u00e9nario identique \u00e0 la veille avec une \u00e9chapp\u00e9e au long cours rattrap\u00e9e sur le tard. Quelque secondes d'avances auront suffi pour d\u00e9signer le vainqueur de la mont\u00e9e du Roule. Cette \u00e9tape disput\u00e9e sous un temps d'abord brumeux s'est termin\u00e9e au grand soleil, devant le millier de\u2026","rel":"","context":"Article similaire","block_context":{"text":"Article similaire","link":""},"img":{"alt_text":"","src":"https:\/\/i0.wp.com\/3joursdecherbourg.fr\/wp-content\/uploads\/2021\/09\/DSC_3143-1024x681.jpg?resize=350%2C200&ssl=1","width":350,"height":200,"srcset":"https:\/\/i0.wp.com\/3joursdecherbourg.fr\/wp-content\/uploads\/2021\/09\/DSC_3143-1024x681.jpg?resize=350%2C200&ssl=1 1x, https:\/\/i0.wp.com\/3joursdecherbourg.fr\/wp-content\/uploads\/2021\/09\/DSC_3143-1024x681.jpg?resize=525%2C300&ssl=1 1.5x"},"classes":[]},{"id":1594,"url":"https:\/\/3joursdecherbourg.fr\/?page_id=1594","url_meta":{"origin":93,"position":2},"title":"Les r\u00e9sultats 2019","author":"admin3809","date":"22 f\u00e9vrier 2019","format":false,"excerpt":"La troisi\u00e8me et derni\u00e8re \u00e9tape a consacr\u00e9 le Team Nantes Atlantique et son jeune coureur, Louis Barr\u00e9 dans la d\u00e9fense de son maillot de leader de l'\u00e9preuve. Apr\u00e8s les premi\u00e8res escarmouches, une \u00e9chapp\u00e9e a pu prendre les devants et rester aux avants postes jusqu'aux difficiles bosses des derniers kilom\u00e8tres. Owen\u2026","rel":"","context":"Article similaire","block_context":{"text":"Article similaire","link":""},"img":{"alt_text":"","src":"https:\/\/i0.wp.com\/3joursdecherbourg.fr\/wp-content\/uploads\/2019\/09\/DSC_2981-300x199.jpg?resize=350%2C200","width":350,"height":200},"classes":[]},{"id":1579,"url":"https:\/\/3joursdecherbourg.fr\/?page_id=1579","url_meta":{"origin":93,"position":3},"title":"1\u00e8re \u00e9tape 2019","author":"admin3809","date":"22 f\u00e9vrier 2019","format":false,"excerpt":"On ne change pas une \"\u00e9tape\" qui gagne! Les changements apport\u00e9s l'an dernier ont \u00e9t\u00e9 appr\u00e9ci\u00e9s par les coureurs, les suiveurs et sans doute les nombreux spectateurs pr\u00e9sents le long des routes de cette premi\u00e8re \u00e9tape. La mont\u00e9e de Beauvais, d\u00e8s le 33\u00e8me kilom\u00e8tre \u00e9tire le peloton sur les routes\u2026","rel":"","context":"Article similaire","block_context":{"text":"Article similaire","link":""},"img":{"alt_text":"","src":"https:\/\/i0.wp.com\/3joursdecherbourg.fr\/wp-content\/uploads\/2019\/07\/DSC_2451-300x199.jpg?resize=350%2C200","width":350,"height":200},"classes":[]},{"id":4082,"url":"https:\/\/3joursdecherbourg.fr\/?page_id=4082","url_meta":{"origin":93,"position":4},"title":"3\u00e8me \u00e9tape 2023","author":"admin3809","date":"8 mars 2023","format":false,"excerpt":"https:\/\/youtu.be\/Nuf4wFHQGzo?si=UzCBJEKj6Y2anvtP https:\/\/www.calculitineraires.fr\/index.php?id=1373083#mapl Une \u00e9tape peu modifi\u00e9e, mais raccourcie en derni\u00e8re minute du fait de travaux routiers. Un passage par Surtainville et la mont\u00e9e du \"Pou\", un petit \"coup de cul\" pas tr\u00e8s long, 500m, mais avec un passage \u00e0 16%. En fin de parcours, la mont\u00e9e des Hautes Terres, qui\u2026","rel":"","context":"Article similaire","block_context":{"text":"Article similaire","link":""},"img":{"alt_text":"","src":"https:\/\/i0.wp.com\/img.youtube.com\/vi\/Nuf4wFHQGzo\/0.jpg?resize=350%2C200","width":350,"height":200},"classes":[]},{"id":3092,"url":"https:\/\/3joursdecherbourg.fr\/?page_id=3092","url_meta":{"origin":93,"position":5},"title":"Les r\u00e9sum\u00e9s des \u00e9tapes 2022","author":"admin3809","date":"11 avril 2022","format":false,"excerpt":"1\u00e9re \u00e9tapes (Bretteville - Port-Bail-sur-Mer) Cette \u00e9dition 2022 des 3 jours de Cherbourg en Cotentin a commenc\u00e9 fort par la premi\u00e8re \u00e9tape reliant Bretteville \u00e0 Port-Bail-sur-Mer, cette \u00e9tape longue de 146 kilom\u00e8tres a \u00e9t\u00e9 riche en rebondissements. Le d\u00e9part a \u00e9t\u00e9 marqu\u00e9 par plusieurs probl\u00e8mes m\u00e9caniques et d\u2019une chute dans\u2026","rel":"","context":"Article similaire","block_context":{"text":"Article similaire","link":""},"img":{"alt_text":"","src":"https:\/\/i0.wp.com\/3joursdecherbourg.fr\/wp-content\/uploads\/2022\/09\/IMG_2920-300x200.jpg?resize=350%2C200&ssl=1","width":350,"height":200},"classes":[]}],"jetpack_likes_enabled":false,"jetpack_sharing_enabled":true,"_links":{"self":[{"href":"https:\/\/3joursdecherbourg.fr\/index.php?rest_route=\/wp\/v2\/pages\/93","targetHints":{"allow":["GET"]}}],"collection":[{"href":"https:\/\/3joursdecherbourg.fr\/index.php?rest_route=\/wp\/v2\/pages"}],"about":[{"href":"https:\/\/3joursdecherbourg.fr\/index.php?rest_route=\/wp\/v2\/types\/page"}],"author":[{"embeddable":true,"href":"https:\/\/3joursdecherbourg.fr\/index.php?rest_route=\/wp\/v2\/users\/1"}],"replies":[{"embeddable":true,"href":"https:\/\/3joursdecherbourg.fr\/index.php?rest_route=%2Fwp%2Fv2%2Fcomments&post=93"}],"version-history":[{"count":27,"href":"https:\/\/3joursdecherbourg.fr\/index.php?rest_route=\/wp\/v2\/pages\/93\/revisions"}],"predecessor-version":[{"id":914,"href":"https:\/\/3joursdecherbourg.fr\/index.php?rest_route=\/wp\/v2\/pages\/93\/revisions\/914"}],"wp:attachment":[{"href":"https:\/\/3joursdecherbourg.fr\/index.php?rest_route=%2Fwp%2Fv2%2Fmedia&parent=93"}],"curies":[{"name":"wp","href":"https:\/\/api.w.org\/{rel}","templated":true}]}}